{"id":2213,"date":"2023-06-26T01:56:14","date_gmt":"2023-06-26T01:56:14","guid":{"rendered":"https:\/\/artemsemkin.com\/asli\/wp\/?page_id=2213"},"modified":"2026-04-30T21:22:49","modified_gmt":"2026-04-30T21:22:49","slug":"nuestra-coleccion","status":"publish","type":"page","link":"https:\/\/www.leshautesmers.fontenille-collection.com\/es\/nuestra-coleccion\/","title":{"rendered":"Nuestra colecci\u00f3n"},"content":{"rendered":"\t\t<div data-elementor-type=\"wp-page\" data-elementor-id=\"2213\" class=\"elementor elementor-2213\" data-elementor-settings=\"{&quot;asli_hide_title_disabled&quot;:&quot;yes&quot;}\" data-elementor-post-type=\"page\">\n\t\t\t\t<div class=\"elementor-element elementor-element-fdea165 e-con-full e-flex pt-medium pb-medium e-con e-parent\" data-id=\"fdea165\" data-element_type=\"container\" data-e-type=\"container\" data-settings=\"{&quot;background_background&quot;:&quot;classic&quot;}\">\n\t\t\t\t<div class=\"elementor-element elementor-element-97b4da9 elementor-widget elementor-widget-asli-widget-masonry-grid\" data-id=\"97b4da9\" data-element_type=\"widget\" data-e-type=\"widget\" data-settings=\"{&quot;typography_headings_text_color&quot;:&quot;#FFFFFF&quot;,&quot;typography_descriptions_text_color&quot;:&quot;#CBDDDA&quot;,&quot;typography_filter_items_text_color&quot;:&quot;#CBDDDA&quot;,&quot;typography_filter_items_text_color_hover&quot;:&quot;#D7ADB3&quot;,&quot;filter_sticky_background_color&quot;:&quot;#16302B&quot;,&quot;space_items_horizontal_desktop&quot;:{&quot;unit&quot;:&quot;px&quot;,&quot;size&quot;:120,&quot;sizes&quot;:[]},&quot;space_items_horizontal_mobile&quot;:{&quot;unit&quot;:&quot;px&quot;,&quot;size&quot;:20,&quot;sizes&quot;:[]},&quot;space_items_vertical_desktop&quot;:{&quot;unit&quot;:&quot;px&quot;,&quot;size&quot;:60,&quot;sizes&quot;:[]},&quot;space_items_vertical_mobile&quot;:{&quot;unit&quot;:&quot;px&quot;,&quot;size&quot;:30,&quot;sizes&quot;:[]}}\" data-widget_type=\"asli-widget-masonry-grid.filter-top\">\n\t\t\t\t<div class=\"elementor-widget-container\">\n\t\t\t\t\t\t\t\t\t\t<div class=\"section section-portfolio-grid d-flex flex-wrap align-items-start grid js-grid\" data-arts-component-name=\"Grid\" data-arts-component-options=\"{&quot;filterSticky&quot;:{&quot;trigger&quot;:&quot;self&quot;,&quot;offsetTop&quot;:-1,&quot;offsetHeaderHeight&quot;:false,&quot;matchMedia&quot;:&quot;(min-width: 992px)&quot;,&quot;toggleStickyClass&quot;:&quot;sticking&quot;,&quot;toggleStickyColorTheme&quot;:false,&quot;toggleHeaderVisibility&quot;:&quot;yes&quot;,&quot;autoScrollToGrid&quot;:&quot;yes&quot;},&quot;filterItemActiveClass&quot;:&quot;filter__item_active&quot;,&quot;filterItemAttribute&quot;:&quot;data-filter&quot;,&quot;filterDrawEffect&quot;:true}\" data-arts-os-animation=\"true\">\n\t\t\t\t\t\t<!-- Grid filter -->\n\t\t<div class=\"section-portfolio-grid__col-filter col-12 z-100 js-grid__col-filter\">\n\t\t\t\t\t<div class=\"container-fluid-gutters\">\n\t\t\t\t\t\t\t<!-- Optional dropdown filter [mobile only] -->\n\t\t\t\t<div class=\"filter__wrapper-dropdown d-lg-none\" data-arts-os-animation-name=\"animatedJump\">\n\t\t\t\t\t\t\t<label class=\"d-block typography-dropdown-label\">\n\t\t\t\t\t\t\t<span class=\"d-block mb-2 text-start\">Filtres<\/span>\n\t\t\t\t\t\t<select class=\"d-block w-100 js-grid__filter-dropdown\">\n\t\t\t\t\t\t\t\t\t<option value=\"*\">Tous<\/option>\n\t\t\t\t\t\t\t\t\t\t\t\t\t\t\t\t\t\t\t\t\t\t\t\t\t<option value=\".category-bourgogne\">Bourgogne<\/option>\n\t\t\t\t\t\t\t\t\t\t\t\t\t\t\t\t\t<option value=\".category-\u00c0_1_heure_de_paris\">\u00c0 1 heure de Paris<\/option>\n\t\t\t\t\t\t\t\t\t\t\t\t\t\t\t\t\t<option value=\".category-provence\">Provence<\/option>\n\t\t\t\t\t\t\t\t\t\t\t\t\t\t\t\t\t<option value=\".category-c\u00f4te_ouest\">C\u00f4te Ouest<\/option>\n\t\t\t\t\t\t\t\t\t\t\t\t\t\t\t\t\t<option value=\".category-minorque\">Minorque<\/option>\n\t\t\t\t\t\t\t\t\t\t\t\t\t\t\t\t\t<option value=\".category-toscane\">Toscane<\/option>\n\t\t\t\t\t\t\t\t\t\t\t\t<\/select>\n\t\t<\/label>\n\t\t\t\t\t\t<\/div>\n\t\t\t\t<!-- - Optional dropdown filter [mobile only] -->\n\t\t\t\t\t\t<!-- Filter items [desktop only] -->\n\t\t\t<div class=\"filter__inner d-lg-block d-none\">\n\t\t\t\t<div class=\"row justify-content-center\">\n\t\t\t\t\t\t\t\t\t\t<!-- All (*) -->\n\t\t\t<div class=\"col-lg-auto col-12 filter__item cursor-highlight js-grid__filter-item filter__item_active\" data-arts-os-animation-name=\"animatedJump\" data-filter=\"*\">\n\t\t\t\t<div class=\"filter__item-inner js-grid__filter-item-inner\">\n\t\t\t\t\t<span class=\"filter__item-label typography-filter-label\">Tous<\/span>\n\t\t\t\t<\/div>\n\t\t\t<\/div>\n\t\t\t<!-- - All (*) -->\n\t\t\t\t\t\t\t\t\t\t\t\t\t\t\t\t<div class=\"col-lg-auto col-12 filter__item cursor-highlight js-grid__filter-item\" data-arts-os-animation-name=\"animatedJump\" data-filter=\".category-bourgogne\">\n\t\t\t\t\t\t<div class=\"filter__item-inner js-grid__filter-item-inner\">\n\t\t\t\t\t\t\t\t\t\t\t\t<div class=\"filter__item-label\">Bourgogne\t\t\t<\/div>\t\t\t\t   \t\t\t\t\t\t<\/div>\n\t\t\t\t\t<\/div>\n\t\t\t\t\t\t\t\t\t\t\t\t<div class=\"col-lg-auto col-12 filter__item cursor-highlight js-grid__filter-item\" data-arts-os-animation-name=\"animatedJump\" data-filter=\".category-\u00c0_1_heure_de_paris\">\n\t\t\t\t\t\t<div class=\"filter__item-inner js-grid__filter-item-inner\">\n\t\t\t\t\t\t\t\t\t\t\t\t<div class=\"filter__item-label\">\u00c0 1 heure de Paris\t\t\t<\/div>\t\t\t\t   \t\t\t\t\t\t<\/div>\n\t\t\t\t\t<\/div>\n\t\t\t\t\t\t\t\t\t\t\t\t<div class=\"col-lg-auto col-12 filter__item cursor-highlight js-grid__filter-item\" data-arts-os-animation-name=\"animatedJump\" data-filter=\".category-provence\">\n\t\t\t\t\t\t<div class=\"filter__item-inner js-grid__filter-item-inner\">\n\t\t\t\t\t\t\t\t\t\t\t\t<div class=\"filter__item-label\">Provence\t\t\t<\/div>\t\t\t\t   \t\t\t\t\t\t<\/div>\n\t\t\t\t\t<\/div>\n\t\t\t\t\t\t\t\t\t\t\t\t<div class=\"col-lg-auto col-12 filter__item cursor-highlight js-grid__filter-item\" data-arts-os-animation-name=\"animatedJump\" data-filter=\".category-c\u00f4te_ouest\">\n\t\t\t\t\t\t<div class=\"filter__item-inner js-grid__filter-item-inner\">\n\t\t\t\t\t\t\t\t\t\t\t\t<div class=\"filter__item-label\">C\u00f4te Ouest\t\t\t<\/div>\t\t\t\t   \t\t\t\t\t\t<\/div>\n\t\t\t\t\t<\/div>\n\t\t\t\t\t\t\t\t\t\t\t\t<div class=\"col-lg-auto col-12 filter__item cursor-highlight js-grid__filter-item\" data-arts-os-animation-name=\"animatedJump\" data-filter=\".category-minorque\">\n\t\t\t\t\t\t<div class=\"filter__item-inner js-grid__filter-item-inner\">\n\t\t\t\t\t\t\t\t\t\t\t\t<div class=\"filter__item-label\">Minorque\t\t\t<\/div>\t\t\t\t   \t\t\t\t\t\t<\/div>\n\t\t\t\t\t<\/div>\n\t\t\t\t\t\t\t\t\t\t\t\t<div class=\"col-lg-auto col-12 filter__item cursor-highlight js-grid__filter-item\" data-arts-os-animation-name=\"animatedJump\" data-filter=\".category-toscane\">\n\t\t\t\t\t\t<div class=\"filter__item-inner js-grid__filter-item-inner\">\n\t\t\t\t\t\t\t\t\t\t\t\t<div class=\"filter__item-label\">Toscane\t\t\t<\/div>\t\t\t\t   \t\t\t\t\t\t<\/div>\n\t\t\t\t\t<\/div>\n\t\t\t\t\t\t\t\t\t\t\t<\/div>\n\t\t\t<\/div>\n\t\t\t<!-- - Filter items [desktop only] -->\n\t\t<\/div>\n\t\t\t\t<\/div>\n\t\t<div class=\"w-100 grid__border\" data-arts-os-animation-name=\"animatedBorderHorizontal\"><\/div>\n\t\t<!-- - Grid filter -->\n\t\t<!-- Grid items -->\n\t\t<div class=\"section-portfolio-grid__col-grid col-12 container-fluid-gutters text-center  js-grid__col-grid\">\n\t\t\t<div class=\"row grid__row js-grid__container\">\n\t\t\t\t\t\t\t\t\t\t\t\t<div class=\"js-grid__item col-xxl-4 col-xl-4 col-lg-6 col-md-6 col-sm-12 col-12 category-bourgogne\">\n\t\t\t\t\t\t\t\t\t\t\t<div class=\"portfolio-card\" data-post-id=\"0\" data-arts-os-animation-name=\"animatedJumpScale\">\n\t\t\t<a href=\"https:\/\/www.chateaudeciteaux.fontenille-collection.com\/\" class=\"portfolio-card__link hover-zoom\">\n\t\t\t\t\t\t\t\t\t<div class=\"portfolio-card__wrapper-media\">\n\t\t\t\t\t\t\t\t<div class=\"overflow-hidden shape-top-arc hover-zoom__zoom\">\n\t\t\t\n\t<div class=\"overflow-hidden hover-zoom__inner has-aspect-ratio\" style=\"--media-width:768; --media-height:1152;\">\n\t\t<img fetchpriority=\"high\" decoding=\"async\" class=\"lazy of-contain\" src=\"data:image\/svg+xml,%3Csvg%20xmlns=&amp;apos;http:\/\/www.w3.org\/2000\/svg&amp;apos;%20width=&amp;apos;100%25&amp;apos;%20height=&amp;apos;100%25&amp;apos;%3E%3C\/svg%3E\" data-src=\"https:\/\/www.leshautesmers.fontenille-collection.com\/wp-content\/uploads\/2026\/01\/hotel-chateau-de-citeaux-bourgogne-bibliotheque-768x1152.webp\" width=\"768\" height=\"1152\" data-srcset=\"https:\/\/www.leshautesmers.fontenille-collection.com\/wp-content\/uploads\/2026\/01\/hotel-chateau-de-citeaux-bourgogne-bibliotheque-768x1152.webp 768w, https:\/\/www.leshautesmers.fontenille-collection.com\/wp-content\/uploads\/2026\/01\/hotel-chateau-de-citeaux-bourgogne-bibliotheque-200x300.webp 200w, https:\/\/www.leshautesmers.fontenille-collection.com\/wp-content\/uploads\/2026\/01\/hotel-chateau-de-citeaux-bourgogne-bibliotheque-683x1024.webp 683w, https:\/\/www.leshautesmers.fontenille-collection.com\/wp-content\/uploads\/2026\/01\/hotel-chateau-de-citeaux-bourgogne-bibliotheque-1024x1536.webp 1024w, https:\/\/www.leshautesmers.fontenille-collection.com\/wp-content\/uploads\/2026\/01\/hotel-chateau-de-citeaux-bourgogne-bibliotheque-8x12.webp 8w, https:\/\/www.leshautesmers.fontenille-collection.com\/wp-content\/uploads\/2026\/01\/hotel-chateau-de-citeaux-bourgogne-bibliotheque.webp 1280w\" data-sizes=\"(max-width: 768px) 100vw, 768px\" alt=\"H\u00f4tel Ch\u00e2teau de Citeaux en Bourgogne\">\n\t\t\t<noscript><img decoding=\"async\" class=\"lazy of-contain\" src=\"https:\/\/www.leshautesmers.fontenille-collection.com\/wp-content\/uploads\/2026\/01\/hotel-chateau-de-citeaux-bourgogne-bibliotheque-768x1152.webp\" width=\"768\" height=\"1152\" alt=\"H\u00f4tel Ch\u00e2teau de Citeaux en Bourgogne\" srcset=\"https:\/\/www.leshautesmers.fontenille-collection.com\/wp-content\/uploads\/2026\/01\/hotel-chateau-de-citeaux-bourgogne-bibliotheque-768x1152.webp 768w, https:\/\/www.leshautesmers.fontenille-collection.com\/wp-content\/uploads\/2026\/01\/hotel-chateau-de-citeaux-bourgogne-bibliotheque-200x300.webp 200w, https:\/\/www.leshautesmers.fontenille-collection.com\/wp-content\/uploads\/2026\/01\/hotel-chateau-de-citeaux-bourgogne-bibliotheque-683x1024.webp 683w, https:\/\/www.leshautesmers.fontenille-collection.com\/wp-content\/uploads\/2026\/01\/hotel-chateau-de-citeaux-bourgogne-bibliotheque-1024x1536.webp 1024w, https:\/\/www.leshautesmers.fontenille-collection.com\/wp-content\/uploads\/2026\/01\/hotel-chateau-de-citeaux-bourgogne-bibliotheque-8x12.webp 8w, https:\/\/www.leshautesmers.fontenille-collection.com\/wp-content\/uploads\/2026\/01\/hotel-chateau-de-citeaux-bourgogne-bibliotheque.webp 1280w\" sizes=\"(max-width: 768px) 100vw, 768px\"><\/noscript>\n\t\t\t<\/div>\n\t\t<\/div>\n\t\t\t\t\t\t\t<\/div>\n\t\t\t\t\t\t\t\t\t\t\t\t\t<div class=\"portfolio-card__content mt-lg-4 mt-3\">\n\t\t\t\t\t\t\t\t\n\t\t\t\t\t\t\t<h2 class=\"my-0 typography-heading my-0 typography-heading\">Ch\u00e2teau de C\u00eeteaux<br><span class=\"masonry-subheading\">Bourgogne<\/span>\t\t\t<\/h2>\t\t\t\t   \n\t\t\n\t\t\t\t\t<div class=\"w-100\"><\/div>\n\t\t\t<!-- Description -->\n\t\t\t\t\t\t\t\t\t<h3 class=\"mt-3 mb-0 typography-description\">Au pied des vignes de Meursault, un domaine d\u2019h\u00e9ritage cistercien qui rena\u00eet en juillet 2026.\t\t\t<\/h3>\t\t\t\t   \t\t\t<!-- - Description -->\n\t\t\t\t\t\t\t\t\t<\/div>\n\t\t\t\t\t\t\t<\/a>\n\t\t<\/div>\n\t\t\t\t\t\t\t\t\t<\/div>\n\t\t\t\t\t\t\t\t<div class=\"js-grid__item col-xxl-4 col-xl-4 col-lg-6 col-md-6 col-sm-12 col-12 category-\u00c0_1_heure_de_paris\">\n\t\t\t\t\t\t\t\t\t\t\t<div class=\"portfolio-card\" data-post-id=\"1\" data-arts-os-animation-name=\"animatedJumpScale\">\n\t\t\t<a href=\"https:\/\/www.domainedeprimard.fontenille-collection.com\/\" class=\"portfolio-card__link hover-zoom\">\n\t\t\t\t\t\t\t\t\t<div class=\"portfolio-card__wrapper-media\">\n\t\t\t\t\t\t\t\t<div class=\"overflow-hidden shape-top-arc hover-zoom__zoom\">\n\t\t\t\n\t<div class=\"overflow-hidden hover-zoom__inner has-aspect-ratio\" style=\"--media-width:768; --media-height:1152;\">\n\t\t<img decoding=\"async\" class=\"lazy of-contain\" src=\"data:image\/svg+xml,%3Csvg%20xmlns=&amp;apos;http:\/\/www.w3.org\/2000\/svg&amp;apos;%20width=&amp;apos;100%25&amp;apos;%20height=&amp;apos;100%25&amp;apos;%3E%3C\/svg%3E\" data-src=\"https:\/\/www.leshautesmers.fontenille-collection.com\/wp-content\/uploads\/2025\/10\/Domaine-de-Primard-fontenille-collection-normandie-768x1152.webp\" width=\"768\" height=\"1152\" data-srcset=\"https:\/\/www.leshautesmers.fontenille-collection.com\/wp-content\/uploads\/2025\/10\/Domaine-de-Primard-fontenille-collection-normandie-768x1152.webp 768w, https:\/\/www.leshautesmers.fontenille-collection.com\/wp-content\/uploads\/2025\/10\/Domaine-de-Primard-fontenille-collection-normandie-200x300.webp 200w, https:\/\/www.leshautesmers.fontenille-collection.com\/wp-content\/uploads\/2025\/10\/Domaine-de-Primard-fontenille-collection-normandie-683x1024.webp 683w, https:\/\/www.leshautesmers.fontenille-collection.com\/wp-content\/uploads\/2025\/10\/Domaine-de-Primard-fontenille-collection-normandie-1024x1536.webp 1024w, https:\/\/www.leshautesmers.fontenille-collection.com\/wp-content\/uploads\/2025\/10\/Domaine-de-Primard-fontenille-collection-normandie-8x12.webp 8w, https:\/\/www.leshautesmers.fontenille-collection.com\/wp-content\/uploads\/2025\/10\/Domaine-de-Primard-fontenille-collection-normandie.webp 1280w\" data-sizes=\"(max-width: 768px) 100vw, 768px\" alt=\"Domaine de Primard en Normandie\">\n\t\t\t<noscript><img loading=\"lazy\" decoding=\"async\" class=\"lazy of-contain\" src=\"https:\/\/www.leshautesmers.fontenille-collection.com\/wp-content\/uploads\/2025\/10\/Domaine-de-Primard-fontenille-collection-normandie-768x1152.webp\" width=\"768\" height=\"1152\" alt=\"Domaine de Primard en Normandie\" srcset=\"https:\/\/www.leshautesmers.fontenille-collection.com\/wp-content\/uploads\/2025\/10\/Domaine-de-Primard-fontenille-collection-normandie-768x1152.webp 768w, https:\/\/www.leshautesmers.fontenille-collection.com\/wp-content\/uploads\/2025\/10\/Domaine-de-Primard-fontenille-collection-normandie-200x300.webp 200w, https:\/\/www.leshautesmers.fontenille-collection.com\/wp-content\/uploads\/2025\/10\/Domaine-de-Primard-fontenille-collection-normandie-683x1024.webp 683w, https:\/\/www.leshautesmers.fontenille-collection.com\/wp-content\/uploads\/2025\/10\/Domaine-de-Primard-fontenille-collection-normandie-1024x1536.webp 1024w, https:\/\/www.leshautesmers.fontenille-collection.com\/wp-content\/uploads\/2025\/10\/Domaine-de-Primard-fontenille-collection-normandie-8x12.webp 8w, https:\/\/www.leshautesmers.fontenille-collection.com\/wp-content\/uploads\/2025\/10\/Domaine-de-Primard-fontenille-collection-normandie.webp 1280w\" sizes=\"(max-width: 768px) 100vw, 768px\"><\/noscript>\n\t\t\t<\/div>\n\t\t<\/div>\n\t\t\t\t\t\t\t<\/div>\n\t\t\t\t\t\t\t\t\t\t\t\t\t<div class=\"portfolio-card__content mt-lg-4 mt-3\">\n\t\t\t\t\t\t\t\t\n\t\t\t\t\t\t\t<h2 class=\"my-0 typography-heading my-0 typography-heading\">Domaine de Primard<br><span class=\"masonry-subheading\">Normandie<\/span>\t\t\t<\/h2>\t\t\t\t   \n\t\t\n\t\t\t\t\t<div class=\"w-100\"><\/div>\n\t\t\t<!-- Description -->\n\t\t\t\t\t\t\t\t\t<h3 class=\"mt-3 mb-0 typography-description\">Une maison de campagne au sein de jardins enchanteurs \u00e0 moins d\u2019une heure de Paris.\t\t\t<\/h3>\t\t\t\t   \t\t\t<!-- - Description -->\n\t\t\t\t\t\t\t\t\t<\/div>\n\t\t\t\t\t\t\t<\/a>\n\t\t<\/div>\n\t\t\t\t\t\t\t\t\t<\/div>\n\t\t\t\t\t\t\t\t<div class=\"js-grid__item col-xxl-4 col-xl-4 col-lg-6 col-md-6 col-sm-12 col-12 category-provence\">\n\t\t\t\t\t\t\t\t\t\t\t<div class=\"portfolio-card\" data-post-id=\"2\" data-arts-os-animation-name=\"animatedJumpScale\">\n\t\t\t<a href=\"https:\/\/www.lesbordsdemer.fontenille-collection.com\/\" class=\"portfolio-card__link hover-zoom\">\n\t\t\t\t\t\t\t\t\t<div class=\"portfolio-card__wrapper-media\">\n\t\t\t\t\t\t\t\t<div class=\"overflow-hidden shape-top-arc hover-zoom__zoom\">\n\t\t\t\n\t<div class=\"overflow-hidden hover-zoom__inner has-aspect-ratio\" style=\"--media-width:768; --media-height:1152;\">\n\t\t<img loading=\"lazy\" decoding=\"async\" class=\"lazy of-contain\" src=\"data:image\/svg+xml,%3Csvg%20xmlns=&amp;apos;http:\/\/www.w3.org\/2000\/svg&amp;apos;%20width=&amp;apos;100%25&amp;apos;%20height=&amp;apos;100%25&amp;apos;%3E%3C\/svg%3E\" data-src=\"https:\/\/www.leshautesmers.fontenille-collection.com\/wp-content\/uploads\/2025\/10\/Les-Bords-de-Mer-fontenille-collection-marseille-768x1152.webp\" width=\"768\" height=\"1152\" data-srcset=\"https:\/\/www.leshautesmers.fontenille-collection.com\/wp-content\/uploads\/2025\/10\/Les-Bords-de-Mer-fontenille-collection-marseille-768x1152.webp 768w, https:\/\/www.leshautesmers.fontenille-collection.com\/wp-content\/uploads\/2025\/10\/Les-Bords-de-Mer-fontenille-collection-marseille-200x300.webp 200w, https:\/\/www.leshautesmers.fontenille-collection.com\/wp-content\/uploads\/2025\/10\/Les-Bords-de-Mer-fontenille-collection-marseille-683x1024.webp 683w, https:\/\/www.leshautesmers.fontenille-collection.com\/wp-content\/uploads\/2025\/10\/Les-Bords-de-Mer-fontenille-collection-marseille-1024x1536.webp 1024w, https:\/\/www.leshautesmers.fontenille-collection.com\/wp-content\/uploads\/2025\/10\/Les-Bords-de-Mer-fontenille-collection-marseille-8x12.webp 8w, https:\/\/www.leshautesmers.fontenille-collection.com\/wp-content\/uploads\/2025\/10\/Les-Bords-de-Mer-fontenille-collection-marseille.webp 1280w\" data-sizes=\"(max-width: 768px) 100vw, 768px\" alt=\"Les Bords de Mer \u00e0 Marseille\">\n\t\t\t<noscript><img loading=\"lazy\" decoding=\"async\" class=\"lazy of-contain\" src=\"https:\/\/www.leshautesmers.fontenille-collection.com\/wp-content\/uploads\/2025\/10\/Les-Bords-de-Mer-fontenille-collection-marseille-768x1152.webp\" width=\"768\" height=\"1152\" alt=\"Les Bords de Mer \u00e0 Marseille\" srcset=\"https:\/\/www.leshautesmers.fontenille-collection.com\/wp-content\/uploads\/2025\/10\/Les-Bords-de-Mer-fontenille-collection-marseille-768x1152.webp 768w, https:\/\/www.leshautesmers.fontenille-collection.com\/wp-content\/uploads\/2025\/10\/Les-Bords-de-Mer-fontenille-collection-marseille-200x300.webp 200w, https:\/\/www.leshautesmers.fontenille-collection.com\/wp-content\/uploads\/2025\/10\/Les-Bords-de-Mer-fontenille-collection-marseille-683x1024.webp 683w, https:\/\/www.leshautesmers.fontenille-collection.com\/wp-content\/uploads\/2025\/10\/Les-Bords-de-Mer-fontenille-collection-marseille-1024x1536.webp 1024w, https:\/\/www.leshautesmers.fontenille-collection.com\/wp-content\/uploads\/2025\/10\/Les-Bords-de-Mer-fontenille-collection-marseille-8x12.webp 8w, https:\/\/www.leshautesmers.fontenille-collection.com\/wp-content\/uploads\/2025\/10\/Les-Bords-de-Mer-fontenille-collection-marseille.webp 1280w\" sizes=\"(max-width: 768px) 100vw, 768px\"><\/noscript>\n\t\t\t<\/div>\n\t\t<\/div>\n\t\t\t\t\t\t\t<\/div>\n\t\t\t\t\t\t\t\t\t\t\t\t\t<div class=\"portfolio-card__content mt-lg-4 mt-3\">\n\t\t\t\t\t\t\t\t\n\t\t\t\t\t\t\t<h2 class=\"my-0 typography-heading my-0 typography-heading\">Les Bords de Mer<br><span class=\"masonry-subheading\">Marseille<\/span>\t\t\t<\/h2>\t\t\t\t   \n\t\t\n\t\t\t\t\t<div class=\"w-100\"><\/div>\n\t\t\t<!-- Description -->\n\t\t\t\t\t\t\t\t\t<h3 class=\"mt-3 mb-0 typography-description\">Un h\u00f4tel iconique face \u00e0 la M\u00e9diterran\u00e9e, sur la Corniche Kennedy, au c\u0153ur de Marseille. \t\t\t<\/h3>\t\t\t\t   \t\t\t<!-- - Description -->\n\t\t\t\t\t\t\t\t\t<\/div>\n\t\t\t\t\t\t\t<\/a>\n\t\t<\/div>\n\t\t\t\t\t\t\t\t\t<\/div>\n\t\t\t\t\t\t\t\t<div class=\"js-grid__item col-xxl-4 col-xl-4 col-lg-6 col-md-6 col-sm-12 col-12 category-provence\">\n\t\t\t\t\t\t\t\t\t\t\t<div class=\"portfolio-card\" data-post-id=\"3\" data-arts-os-animation-name=\"animatedJumpScale\">\n\t\t\t<div class=\"portfolio-card__link\">\n\t\t\t\t\t\t\t\t\t<div class=\"portfolio-card__wrapper-media\">\n\t\t\t\t\t\t\t\t<div class=\"overflow-hidden shape-top-arc\">\n\t\t\t\n\t<div class=\"overflow-hidden hover-zoom__inner has-aspect-ratio\" style=\"--media-width:768; --media-height:1152;\">\n\t\t<img loading=\"lazy\" decoding=\"async\" class=\"lazy of-contain\" src=\"data:image\/svg+xml,%3Csvg%20xmlns=&amp;apos;http:\/\/www.w3.org\/2000\/svg&amp;apos;%20width=&amp;apos;100%25&amp;apos;%20height=&amp;apos;100%25&amp;apos;%3E%3C\/svg%3E\" data-src=\"https:\/\/www.leshautesmers.fontenille-collection.com\/wp-content\/uploads\/2026\/01\/hotel-les-grands-carmes-aix-en-provence-768x1152.webp\" width=\"768\" height=\"1152\" data-srcset=\"https:\/\/www.leshautesmers.fontenille-collection.com\/wp-content\/uploads\/2026\/01\/hotel-les-grands-carmes-aix-en-provence-768x1152.webp 768w, https:\/\/www.leshautesmers.fontenille-collection.com\/wp-content\/uploads\/2026\/01\/hotel-les-grands-carmes-aix-en-provence-200x300.webp 200w, https:\/\/www.leshautesmers.fontenille-collection.com\/wp-content\/uploads\/2026\/01\/hotel-les-grands-carmes-aix-en-provence-683x1024.webp 683w, https:\/\/www.leshautesmers.fontenille-collection.com\/wp-content\/uploads\/2026\/01\/hotel-les-grands-carmes-aix-en-provence-1024x1536.webp 1024w, https:\/\/www.leshautesmers.fontenille-collection.com\/wp-content\/uploads\/2026\/01\/hotel-les-grands-carmes-aix-en-provence-8x12.webp 8w, https:\/\/www.leshautesmers.fontenille-collection.com\/wp-content\/uploads\/2026\/01\/hotel-les-grands-carmes-aix-en-provence.webp 1280w\" data-sizes=\"(max-width: 768px) 100vw, 768px\" alt=\"H\u00f4tel Les Grands Carmes \u00e0 Aix-en-Provence\">\n\t\t\t<noscript><img loading=\"lazy\" decoding=\"async\" class=\"lazy of-contain\" src=\"https:\/\/www.leshautesmers.fontenille-collection.com\/wp-content\/uploads\/2026\/01\/hotel-les-grands-carmes-aix-en-provence-768x1152.webp\" width=\"768\" height=\"1152\" alt=\"H\u00f4tel Les Grands Carmes \u00e0 Aix-en-Provence\" srcset=\"https:\/\/www.leshautesmers.fontenille-collection.com\/wp-content\/uploads\/2026\/01\/hotel-les-grands-carmes-aix-en-provence-768x1152.webp 768w, https:\/\/www.leshautesmers.fontenille-collection.com\/wp-content\/uploads\/2026\/01\/hotel-les-grands-carmes-aix-en-provence-200x300.webp 200w, https:\/\/www.leshautesmers.fontenille-collection.com\/wp-content\/uploads\/2026\/01\/hotel-les-grands-carmes-aix-en-provence-683x1024.webp 683w, https:\/\/www.leshautesmers.fontenille-collection.com\/wp-content\/uploads\/2026\/01\/hotel-les-grands-carmes-aix-en-provence-1024x1536.webp 1024w, https:\/\/www.leshautesmers.fontenille-collection.com\/wp-content\/uploads\/2026\/01\/hotel-les-grands-carmes-aix-en-provence-8x12.webp 8w, https:\/\/www.leshautesmers.fontenille-collection.com\/wp-content\/uploads\/2026\/01\/hotel-les-grands-carmes-aix-en-provence.webp 1280w\" sizes=\"(max-width: 768px) 100vw, 768px\"><\/noscript>\n\t\t\t<\/div>\n\t\t<\/div>\n\t\t\t\t\t\t\t<\/div>\n\t\t\t\t\t\t\t\t\t\t\t\t\t<div class=\"portfolio-card__content mt-lg-4 mt-3\">\n\t\t\t\t\t\t\t\t\n\t\t\t\t\t\t\t<h2 class=\"my-0 typography-heading my-0 typography-heading\">Les Grands Carmes<br><span class=\"masonry-subheading\">Aix-en-Provence<\/span>\t\t\t<\/h2>\t\t\t\t   \n\t\t\n\t\t\t\t\t<div class=\"w-100\"><\/div>\n\t\t\t<!-- Description -->\n\t\t\t\t\t\t\t\t\t<h3 class=\"mt-3 mb-0 typography-description\">Ancien ensemble patrimonial au c\u0153ur d\u2019Aix-en-Provence, entre lumi\u00e8re &amp; mati\u00e8res. Ouverture d\u00e9but 2027.\t\t\t<\/h3>\t\t\t\t   \t\t\t<!-- - Description -->\n\t\t\t\t\t\t\t\t\t<\/div>\n\t\t\t\t\t\t\t<\/div>\n\t\t<\/div>\n\t\t\t\t\t\t\t\t\t<\/div>\n\t\t\t\t\t\t\t\t<div class=\"js-grid__item col-xxl-4 col-xl-4 col-lg-6 col-md-6 col-sm-12 col-12 category-provence\">\n\t\t\t\t\t\t\t\t\t\t\t<div class=\"portfolio-card\" data-post-id=\"4\" data-arts-os-animation-name=\"animatedJumpScale\">\n\t\t\t<a href=\"https:\/\/www.domainedefontenille.fontenille-collection.com\/\" class=\"portfolio-card__link hover-zoom\">\n\t\t\t\t\t\t\t\t\t<div class=\"portfolio-card__wrapper-media\">\n\t\t\t\t\t\t\t\t<div class=\"overflow-hidden shape-top-arc hover-zoom__zoom\">\n\t\t\t\n\t<div class=\"overflow-hidden hover-zoom__inner has-aspect-ratio\" style=\"--media-width:768; --media-height:1152;\">\n\t\t<img loading=\"lazy\" decoding=\"async\" class=\"lazy of-contain\" src=\"data:image\/svg+xml,%3Csvg%20xmlns=&amp;apos;http:\/\/www.w3.org\/2000\/svg&amp;apos;%20width=&amp;apos;100%25&amp;apos;%20height=&amp;apos;100%25&amp;apos;%3E%3C\/svg%3E\" data-src=\"https:\/\/www.leshautesmers.fontenille-collection.com\/wp-content\/uploads\/2025\/10\/Domaine-de-Fontenille-fontenille-collection-luberon-768x1152.webp\" width=\"768\" height=\"1152\" data-srcset=\"https:\/\/www.leshautesmers.fontenille-collection.com\/wp-content\/uploads\/2025\/10\/Domaine-de-Fontenille-fontenille-collection-luberon-768x1152.webp 768w, https:\/\/www.leshautesmers.fontenille-collection.com\/wp-content\/uploads\/2025\/10\/Domaine-de-Fontenille-fontenille-collection-luberon-200x300.webp 200w, https:\/\/www.leshautesmers.fontenille-collection.com\/wp-content\/uploads\/2025\/10\/Domaine-de-Fontenille-fontenille-collection-luberon-683x1024.webp 683w, https:\/\/www.leshautesmers.fontenille-collection.com\/wp-content\/uploads\/2025\/10\/Domaine-de-Fontenille-fontenille-collection-luberon-1024x1536.webp 1024w, https:\/\/www.leshautesmers.fontenille-collection.com\/wp-content\/uploads\/2025\/10\/Domaine-de-Fontenille-fontenille-collection-luberon-8x12.webp 8w, https:\/\/www.leshautesmers.fontenille-collection.com\/wp-content\/uploads\/2025\/10\/Domaine-de-Fontenille-fontenille-collection-luberon.webp 1280w\" data-sizes=\"(max-width: 768px) 100vw, 768px\" alt=\"Domaine de Fontenille \u00e0 Luberon\">\n\t\t\t<noscript><img loading=\"lazy\" decoding=\"async\" class=\"lazy of-contain\" src=\"https:\/\/www.leshautesmers.fontenille-collection.com\/wp-content\/uploads\/2025\/10\/Domaine-de-Fontenille-fontenille-collection-luberon-768x1152.webp\" width=\"768\" height=\"1152\" alt=\"Domaine de Fontenille \u00e0 Luberon\" srcset=\"https:\/\/www.leshautesmers.fontenille-collection.com\/wp-content\/uploads\/2025\/10\/Domaine-de-Fontenille-fontenille-collection-luberon-768x1152.webp 768w, https:\/\/www.leshautesmers.fontenille-collection.com\/wp-content\/uploads\/2025\/10\/Domaine-de-Fontenille-fontenille-collection-luberon-200x300.webp 200w, https:\/\/www.leshautesmers.fontenille-collection.com\/wp-content\/uploads\/2025\/10\/Domaine-de-Fontenille-fontenille-collection-luberon-683x1024.webp 683w, https:\/\/www.leshautesmers.fontenille-collection.com\/wp-content\/uploads\/2025\/10\/Domaine-de-Fontenille-fontenille-collection-luberon-1024x1536.webp 1024w, https:\/\/www.leshautesmers.fontenille-collection.com\/wp-content\/uploads\/2025\/10\/Domaine-de-Fontenille-fontenille-collection-luberon-8x12.webp 8w, https:\/\/www.leshautesmers.fontenille-collection.com\/wp-content\/uploads\/2025\/10\/Domaine-de-Fontenille-fontenille-collection-luberon.webp 1280w\" sizes=\"(max-width: 768px) 100vw, 768px\"><\/noscript>\n\t\t\t<\/div>\n\t\t<\/div>\n\t\t\t\t\t\t\t<\/div>\n\t\t\t\t\t\t\t\t\t\t\t\t\t<div class=\"portfolio-card__content mt-lg-4 mt-3\">\n\t\t\t\t\t\t\t\t\n\t\t\t\t\t\t\t<h2 class=\"my-0 typography-heading my-0 typography-heading\">Domaine de Fontenille<br><span class=\"masonry-subheading\">Luberon<\/span>\t\t\t<\/h2>\t\t\t\t   \n\t\t\n\t\t\t\t\t<div class=\"w-100\"><\/div>\n\t\t\t<!-- Description -->\n\t\t\t\t\t\t\t\t\t<h3 class=\"mt-3 mb-0 typography-description\">Une bastide proven\u00e7ale du XVIIIe si\u00e8cle, ses jardins et ses vignes vue sur les collines du Luberon.\n\t\t\t<\/h3>\t\t\t\t   \t\t\t<!-- - Description -->\n\t\t\t\t\t\t\t\t\t<\/div>\n\t\t\t\t\t\t\t<\/a>\n\t\t<\/div>\n\t\t\t\t\t\t\t\t\t<\/div>\n\t\t\t\t\t\t\t\t<div class=\"js-grid__item col-xxl-4 col-xl-4 col-lg-6 col-md-6 col-sm-12 col-12 category-provence\">\n\t\t\t\t\t\t\t\t\t\t\t<div class=\"portfolio-card\" data-post-id=\"5\" data-arts-os-animation-name=\"animatedJumpScale\">\n\t\t\t<a href=\"https:\/\/www.bastidedumourre.fontenille-collection.com\/\" class=\"portfolio-card__link hover-zoom\">\n\t\t\t\t\t\t\t\t\t<div class=\"portfolio-card__wrapper-media\">\n\t\t\t\t\t\t\t\t<div class=\"overflow-hidden shape-top-arc hover-zoom__zoom\">\n\t\t\t\n\t<div class=\"overflow-hidden hover-zoom__inner has-aspect-ratio\" style=\"--media-width:768; --media-height:1152;\">\n\t\t<img loading=\"lazy\" decoding=\"async\" class=\"lazy of-contain\" src=\"data:image\/svg+xml,%3Csvg%20xmlns=&amp;apos;http:\/\/www.w3.org\/2000\/svg&amp;apos;%20width=&amp;apos;100%25&amp;apos;%20height=&amp;apos;100%25&amp;apos;%3E%3C\/svg%3E\" data-src=\"https:\/\/www.leshautesmers.fontenille-collection.com\/wp-content\/uploads\/2025\/10\/La-Bastide-du-Mourre-fontenille-collection-oppede-768x1152.webp\" width=\"768\" height=\"1152\" data-srcset=\"https:\/\/www.leshautesmers.fontenille-collection.com\/wp-content\/uploads\/2025\/10\/La-Bastide-du-Mourre-fontenille-collection-oppede-768x1152.webp 768w, https:\/\/www.leshautesmers.fontenille-collection.com\/wp-content\/uploads\/2025\/10\/La-Bastide-du-Mourre-fontenille-collection-oppede-200x300.webp 200w, https:\/\/www.leshautesmers.fontenille-collection.com\/wp-content\/uploads\/2025\/10\/La-Bastide-du-Mourre-fontenille-collection-oppede-683x1024.webp 683w, https:\/\/www.leshautesmers.fontenille-collection.com\/wp-content\/uploads\/2025\/10\/La-Bastide-du-Mourre-fontenille-collection-oppede-1024x1536.webp 1024w, https:\/\/www.leshautesmers.fontenille-collection.com\/wp-content\/uploads\/2025\/10\/La-Bastide-du-Mourre-fontenille-collection-oppede-8x12.webp 8w, https:\/\/www.leshautesmers.fontenille-collection.com\/wp-content\/uploads\/2025\/10\/La-Bastide-du-Mourre-fontenille-collection-oppede.webp 1280w\" data-sizes=\"(max-width: 768px) 100vw, 768px\" alt=\"La Bastide du Mourre \u00e0 Opp\u00e8de\">\n\t\t\t<noscript><img loading=\"lazy\" decoding=\"async\" class=\"lazy of-contain\" src=\"https:\/\/www.leshautesmers.fontenille-collection.com\/wp-content\/uploads\/2025\/10\/La-Bastide-du-Mourre-fontenille-collection-oppede-768x1152.webp\" width=\"768\" height=\"1152\" alt=\"La Bastide du Mourre \u00e0 Opp\u00e8de\" srcset=\"https:\/\/www.leshautesmers.fontenille-collection.com\/wp-content\/uploads\/2025\/10\/La-Bastide-du-Mourre-fontenille-collection-oppede-768x1152.webp 768w, https:\/\/www.leshautesmers.fontenille-collection.com\/wp-content\/uploads\/2025\/10\/La-Bastide-du-Mourre-fontenille-collection-oppede-200x300.webp 200w, https:\/\/www.leshautesmers.fontenille-collection.com\/wp-content\/uploads\/2025\/10\/La-Bastide-du-Mourre-fontenille-collection-oppede-683x1024.webp 683w, https:\/\/www.leshautesmers.fontenille-collection.com\/wp-content\/uploads\/2025\/10\/La-Bastide-du-Mourre-fontenille-collection-oppede-1024x1536.webp 1024w, https:\/\/www.leshautesmers.fontenille-collection.com\/wp-content\/uploads\/2025\/10\/La-Bastide-du-Mourre-fontenille-collection-oppede-8x12.webp 8w, https:\/\/www.leshautesmers.fontenille-collection.com\/wp-content\/uploads\/2025\/10\/La-Bastide-du-Mourre-fontenille-collection-oppede.webp 1280w\" sizes=\"(max-width: 768px) 100vw, 768px\"><\/noscript>\n\t\t\t<\/div>\n\t\t<\/div>\n\t\t\t\t\t\t\t<\/div>\n\t\t\t\t\t\t\t\t\t\t\t\t\t<div class=\"portfolio-card__content mt-lg-4 mt-3\">\n\t\t\t\t\t\t\t\t\n\t\t\t\t\t\t\t<h2 class=\"my-0 typography-heading my-0 typography-heading\">Bastide du Mourre<br><span class=\"masonry-subheading\">Opp\u00e8de<\/span>\t\t\t<\/h2>\t\t\t\t   \n\t\t\n\t\t\t\t\t<div class=\"w-100\"><\/div>\n\t\t\t<!-- Description -->\n\t\t\t\t\t\t\t\t\t<h3 class=\"mt-3 mb-0 typography-description\">Un mas empreint de po\u00e9sie, enti\u00e8rement consacr\u00e9 au bien-\u00eatre \u00e0 Opp\u00e8de, dans le nord du Luberon. \t\t\t<\/h3>\t\t\t\t   \t\t\t<!-- - Description -->\n\t\t\t\t\t\t\t\t\t<\/div>\n\t\t\t\t\t\t\t<\/a>\n\t\t<\/div>\n\t\t\t\t\t\t\t\t\t<\/div>\n\t\t\t\t\t\t\t\t<div class=\"js-grid__item col-xxl-4 col-xl-4 col-lg-6 col-md-6 col-sm-12 col-12 category-provence\">\n\t\t\t\t\t\t\t\t\t\t\t<div class=\"portfolio-card\" data-post-id=\"6\" data-arts-os-animation-name=\"animatedJumpScale\">\n\t\t\t<a href=\"https:\/\/www.domainedechalamon.fontenille-collection.com\/\" class=\"portfolio-card__link hover-zoom\">\n\t\t\t\t\t\t\t\t\t<div class=\"portfolio-card__wrapper-media\">\n\t\t\t\t\t\t\t\t<div class=\"overflow-hidden shape-top-arc hover-zoom__zoom\">\n\t\t\t\n\t<div class=\"overflow-hidden hover-zoom__inner has-aspect-ratio\" style=\"--media-width:768; --media-height:1152;\">\n\t\t<img loading=\"lazy\" decoding=\"async\" class=\"lazy of-contain\" src=\"data:image\/svg+xml,%3Csvg%20xmlns=&amp;apos;http:\/\/www.w3.org\/2000\/svg&amp;apos;%20width=&amp;apos;100%25&amp;apos;%20height=&amp;apos;100%25&amp;apos;%3E%3C\/svg%3E\" data-src=\"https:\/\/www.leshautesmers.fontenille-collection.com\/wp-content\/uploads\/2025\/10\/Domaine-de-Chalamon-fontenille-collection-saint-remy-de-provence-768x1152.webp\" width=\"768\" height=\"1152\" data-srcset=\"https:\/\/www.leshautesmers.fontenille-collection.com\/wp-content\/uploads\/2025\/10\/Domaine-de-Chalamon-fontenille-collection-saint-remy-de-provence-768x1152.webp 768w, https:\/\/www.leshautesmers.fontenille-collection.com\/wp-content\/uploads\/2025\/10\/Domaine-de-Chalamon-fontenille-collection-saint-remy-de-provence-200x300.webp 200w, https:\/\/www.leshautesmers.fontenille-collection.com\/wp-content\/uploads\/2025\/10\/Domaine-de-Chalamon-fontenille-collection-saint-remy-de-provence-683x1024.webp 683w, https:\/\/www.leshautesmers.fontenille-collection.com\/wp-content\/uploads\/2025\/10\/Domaine-de-Chalamon-fontenille-collection-saint-remy-de-provence-1024x1536.webp 1024w, https:\/\/www.leshautesmers.fontenille-collection.com\/wp-content\/uploads\/2025\/10\/Domaine-de-Chalamon-fontenille-collection-saint-remy-de-provence-8x12.webp 8w, https:\/\/www.leshautesmers.fontenille-collection.com\/wp-content\/uploads\/2025\/10\/Domaine-de-Chalamon-fontenille-collection-saint-remy-de-provence.webp 1280w\" data-sizes=\"(max-width: 768px) 100vw, 768px\" alt=\"Domaine de Chalamon \u00e0 Saint r\u00e9my de provence\">\n\t\t\t<noscript><img loading=\"lazy\" decoding=\"async\" class=\"lazy of-contain\" src=\"https:\/\/www.leshautesmers.fontenille-collection.com\/wp-content\/uploads\/2025\/10\/Domaine-de-Chalamon-fontenille-collection-saint-remy-de-provence-768x1152.webp\" width=\"768\" height=\"1152\" alt=\"Domaine de Chalamon \u00e0 Saint r\u00e9my de provence\" srcset=\"https:\/\/www.leshautesmers.fontenille-collection.com\/wp-content\/uploads\/2025\/10\/Domaine-de-Chalamon-fontenille-collection-saint-remy-de-provence-768x1152.webp 768w, https:\/\/www.leshautesmers.fontenille-collection.com\/wp-content\/uploads\/2025\/10\/Domaine-de-Chalamon-fontenille-collection-saint-remy-de-provence-200x300.webp 200w, https:\/\/www.leshautesmers.fontenille-collection.com\/wp-content\/uploads\/2025\/10\/Domaine-de-Chalamon-fontenille-collection-saint-remy-de-provence-683x1024.webp 683w, https:\/\/www.leshautesmers.fontenille-collection.com\/wp-content\/uploads\/2025\/10\/Domaine-de-Chalamon-fontenille-collection-saint-remy-de-provence-1024x1536.webp 1024w, https:\/\/www.leshautesmers.fontenille-collection.com\/wp-content\/uploads\/2025\/10\/Domaine-de-Chalamon-fontenille-collection-saint-remy-de-provence-8x12.webp 8w, https:\/\/www.leshautesmers.fontenille-collection.com\/wp-content\/uploads\/2025\/10\/Domaine-de-Chalamon-fontenille-collection-saint-remy-de-provence.webp 1280w\" sizes=\"(max-width: 768px) 100vw, 768px\"><\/noscript>\n\t\t\t<\/div>\n\t\t<\/div>\n\t\t\t\t\t\t\t<\/div>\n\t\t\t\t\t\t\t\t\t\t\t\t\t<div class=\"portfolio-card__content mt-lg-4 mt-3\">\n\t\t\t\t\t\t\t\t\n\t\t\t\t\t\t\t<h2 class=\"my-0 typography-heading my-0 typography-heading\">Domaine de Chalamon<br><span class=\"masonry-subheading\">Saint-R\u00e9my-de-Provence<\/span>\t\t\t<\/h2>\t\t\t\t   \n\t\t\n\t\t\t\t\t<div class=\"w-100\"><\/div>\n\t\t\t<!-- Description -->\n\t\t\t\t\t\t\t\t\t<h3 class=\"mt-3 mb-0 typography-description\">Une maison proven\u00e7ale et ses jardins \u00e0 la fran\u00e7aise aux portes de Saint-R\u00e9my-de-Provence, dans les Alpilles. \t\t\t<\/h3>\t\t\t\t   \t\t\t<!-- - Description -->\n\t\t\t\t\t\t\t\t\t<\/div>\n\t\t\t\t\t\t\t<\/a>\n\t\t<\/div>\n\t\t\t\t\t\t\t\t\t<\/div>\n\t\t\t\t\t\t\t\t<div class=\"js-grid__item col-xxl-4 col-xl-4 col-lg-6 col-md-6 col-sm-12 col-12 category-c\u00f4te_ouest\">\n\t\t\t\t\t\t\t\t\t\t\t<div class=\"portfolio-card\" data-post-id=\"7\" data-arts-os-animation-name=\"animatedJumpScale\">\n\t\t\t<a href=\"https:\/\/www.leshortensiasdulac.fontenille-collection.com\/\" class=\"portfolio-card__link hover-zoom\">\n\t\t\t\t\t\t\t\t\t<div class=\"portfolio-card__wrapper-media\">\n\t\t\t\t\t\t\t\t<div class=\"overflow-hidden shape-top-arc hover-zoom__zoom\">\n\t\t\t\n\t<div class=\"overflow-hidden hover-zoom__inner has-aspect-ratio\" style=\"--media-width:768; --media-height:1152;\">\n\t\t<img loading=\"lazy\" decoding=\"async\" class=\"lazy of-contain\" src=\"data:image\/svg+xml,%3Csvg%20xmlns=&amp;apos;http:\/\/www.w3.org\/2000\/svg&amp;apos;%20width=&amp;apos;100%25&amp;apos;%20height=&amp;apos;100%25&amp;apos;%3E%3C\/svg%3E\" data-src=\"https:\/\/www.leshautesmers.fontenille-collection.com\/wp-content\/uploads\/2025\/10\/Les-Hortensias-du-Lac-fontenille-collection-hossegor-768x1152.webp\" width=\"768\" height=\"1152\" data-srcset=\"https:\/\/www.leshautesmers.fontenille-collection.com\/wp-content\/uploads\/2025\/10\/Les-Hortensias-du-Lac-fontenille-collection-hossegor-768x1152.webp 768w, https:\/\/www.leshautesmers.fontenille-collection.com\/wp-content\/uploads\/2025\/10\/Les-Hortensias-du-Lac-fontenille-collection-hossegor-200x300.webp 200w, https:\/\/www.leshautesmers.fontenille-collection.com\/wp-content\/uploads\/2025\/10\/Les-Hortensias-du-Lac-fontenille-collection-hossegor-683x1024.webp 683w, https:\/\/www.leshautesmers.fontenille-collection.com\/wp-content\/uploads\/2025\/10\/Les-Hortensias-du-Lac-fontenille-collection-hossegor-1024x1536.webp 1024w, https:\/\/www.leshautesmers.fontenille-collection.com\/wp-content\/uploads\/2025\/10\/Les-Hortensias-du-Lac-fontenille-collection-hossegor-8x12.webp 8w, https:\/\/www.leshautesmers.fontenille-collection.com\/wp-content\/uploads\/2025\/10\/Les-Hortensias-du-Lac-fontenille-collection-hossegor.webp 1280w\" data-sizes=\"(max-width: 768px) 100vw, 768px\" alt=\"Les Hortensias du Lac \u00e0 Hossegor\">\n\t\t\t<noscript><img loading=\"lazy\" decoding=\"async\" class=\"lazy of-contain\" src=\"https:\/\/www.leshautesmers.fontenille-collection.com\/wp-content\/uploads\/2025\/10\/Les-Hortensias-du-Lac-fontenille-collection-hossegor-768x1152.webp\" width=\"768\" height=\"1152\" alt=\"Les Hortensias du Lac \u00e0 Hossegor\" srcset=\"https:\/\/www.leshautesmers.fontenille-collection.com\/wp-content\/uploads\/2025\/10\/Les-Hortensias-du-Lac-fontenille-collection-hossegor-768x1152.webp 768w, https:\/\/www.leshautesmers.fontenille-collection.com\/wp-content\/uploads\/2025\/10\/Les-Hortensias-du-Lac-fontenille-collection-hossegor-200x300.webp 200w, https:\/\/www.leshautesmers.fontenille-collection.com\/wp-content\/uploads\/2025\/10\/Les-Hortensias-du-Lac-fontenille-collection-hossegor-683x1024.webp 683w, https:\/\/www.leshautesmers.fontenille-collection.com\/wp-content\/uploads\/2025\/10\/Les-Hortensias-du-Lac-fontenille-collection-hossegor-1024x1536.webp 1024w, https:\/\/www.leshautesmers.fontenille-collection.com\/wp-content\/uploads\/2025\/10\/Les-Hortensias-du-Lac-fontenille-collection-hossegor-8x12.webp 8w, https:\/\/www.leshautesmers.fontenille-collection.com\/wp-content\/uploads\/2025\/10\/Les-Hortensias-du-Lac-fontenille-collection-hossegor.webp 1280w\" sizes=\"(max-width: 768px) 100vw, 768px\"><\/noscript>\n\t\t\t<\/div>\n\t\t<\/div>\n\t\t\t\t\t\t\t<\/div>\n\t\t\t\t\t\t\t\t\t\t\t\t\t<div class=\"portfolio-card__content mt-lg-4 mt-3\">\n\t\t\t\t\t\t\t\t\n\t\t\t\t\t\t\t<h2 class=\"my-0 typography-heading my-0 typography-heading\">Les Hortensias du Lac<br><span class=\"masonry-subheading\">Hossegor<\/span>\t\t\t<\/h2>\t\t\t\t   \n\t\t\n\t\t\t\t\t<div class=\"w-100\"><\/div>\n\t\t\t<!-- Description -->\n\t\t\t\t\t\t\t\t\t<h3 class=\"mt-3 mb-0 typography-description\">Un surf lodge d'exception et son restaurant gastronomique nich\u00e9s au bord du lac d\u2019Hossegor, dans les Landes.\t\t\t<\/h3>\t\t\t\t   \t\t\t<!-- - Description -->\n\t\t\t\t\t\t\t\t\t<\/div>\n\t\t\t\t\t\t\t<\/a>\n\t\t<\/div>\n\t\t\t\t\t\t\t\t\t<\/div>\n\t\t\t\t\t\t\t\t<div class=\"js-grid__item col-xxl-4 col-xl-4 col-lg-6 col-md-6 col-sm-12 col-12 category-c\u00f4te_ouest\">\n\t\t\t\t\t\t\t\t\t\t\t<div class=\"portfolio-card\" data-post-id=\"8\" data-arts-os-animation-name=\"animatedJumpScale\">\n\t\t\t<a href=\"https:\/\/www.70hectares.fontenille-collection.com\" class=\"portfolio-card__link hover-zoom\">\n\t\t\t\t\t\t\t\t\t<div class=\"portfolio-card__wrapper-media\">\n\t\t\t\t\t\t\t\t<div class=\"overflow-hidden shape-top-arc hover-zoom__zoom\">\n\t\t\t\n\t<div class=\"overflow-hidden hover-zoom__inner has-aspect-ratio\" style=\"--media-width:768; --media-height:1152;\">\n\t\t<img loading=\"lazy\" decoding=\"async\" class=\"lazy of-contain\" src=\"data:image\/svg+xml,%3Csvg%20xmlns=&amp;apos;http:\/\/www.w3.org\/2000\/svg&amp;apos;%20width=&amp;apos;100%25&amp;apos;%20height=&amp;apos;100%25&amp;apos;%3E%3C\/svg%3E\" data-src=\"https:\/\/www.leshautesmers.fontenille-collection.com\/wp-content\/uploads\/2025\/10\/70Hectares.lOcean-fontenille-collection-seignosse-768x1152.webp\" width=\"768\" height=\"1152\" data-srcset=\"https:\/\/www.leshautesmers.fontenille-collection.com\/wp-content\/uploads\/2025\/10\/70Hectares.lOcean-fontenille-collection-seignosse-768x1152.webp 768w, https:\/\/www.leshautesmers.fontenille-collection.com\/wp-content\/uploads\/2025\/10\/70Hectares.lOcean-fontenille-collection-seignosse-200x300.webp 200w, https:\/\/www.leshautesmers.fontenille-collection.com\/wp-content\/uploads\/2025\/10\/70Hectares.lOcean-fontenille-collection-seignosse-683x1024.webp 683w, https:\/\/www.leshautesmers.fontenille-collection.com\/wp-content\/uploads\/2025\/10\/70Hectares.lOcean-fontenille-collection-seignosse-1024x1536.webp 1024w, https:\/\/www.leshautesmers.fontenille-collection.com\/wp-content\/uploads\/2025\/10\/70Hectares.lOcean-fontenille-collection-seignosse-8x12.webp 8w, https:\/\/www.leshautesmers.fontenille-collection.com\/wp-content\/uploads\/2025\/10\/70Hectares.lOcean-fontenille-collection-seignosse.webp 1280w\" data-sizes=\"(max-width: 768px) 100vw, 768px\" alt=\"70Hectares...et l&amp;apos;oc\u00e9an \u00e0 Seignosse\">\n\t\t\t<noscript><img loading=\"lazy\" decoding=\"async\" class=\"lazy of-contain\" src=\"https:\/\/www.leshautesmers.fontenille-collection.com\/wp-content\/uploads\/2025\/10\/70Hectares.lOcean-fontenille-collection-seignosse-768x1152.webp\" width=\"768\" height=\"1152\" alt=\"70Hectares...et l&amp;apos;oc\u00e9an \u00e0 Seignosse\" srcset=\"https:\/\/www.leshautesmers.fontenille-collection.com\/wp-content\/uploads\/2025\/10\/70Hectares.lOcean-fontenille-collection-seignosse-768x1152.webp 768w, https:\/\/www.leshautesmers.fontenille-collection.com\/wp-content\/uploads\/2025\/10\/70Hectares.lOcean-fontenille-collection-seignosse-200x300.webp 200w, https:\/\/www.leshautesmers.fontenille-collection.com\/wp-content\/uploads\/2025\/10\/70Hectares.lOcean-fontenille-collection-seignosse-683x1024.webp 683w, https:\/\/www.leshautesmers.fontenille-collection.com\/wp-content\/uploads\/2025\/10\/70Hectares.lOcean-fontenille-collection-seignosse-1024x1536.webp 1024w, https:\/\/www.leshautesmers.fontenille-collection.com\/wp-content\/uploads\/2025\/10\/70Hectares.lOcean-fontenille-collection-seignosse-8x12.webp 8w, https:\/\/www.leshautesmers.fontenille-collection.com\/wp-content\/uploads\/2025\/10\/70Hectares.lOcean-fontenille-collection-seignosse.webp 1280w\" sizes=\"(max-width: 768px) 100vw, 768px\"><\/noscript>\n\t\t\t<\/div>\n\t\t<\/div>\n\t\t\t\t\t\t\t<\/div>\n\t\t\t\t\t\t\t\t\t\t\t\t\t<div class=\"portfolio-card__content mt-lg-4 mt-3\">\n\t\t\t\t\t\t\t\t\n\t\t\t\t\t\t\t<h2 class=\"my-0 typography-heading my-0 typography-heading\">70 Hectares\u2026 &amp; l\u2019Oc\u00e9an<br><span class=\"masonry-subheading\">Seignosse<\/span>\t\t\t<\/h2>\t\t\t\t   \n\t\t\n\t\t\t\t\t<div class=\"w-100\"><\/div>\n\t\t\t<!-- Description -->\n\t\t\t\t\t\t\t\t\t<h3 class=\"mt-3 mb-0 typography-description\">Une maison landaise au c\u0153ur de la pin\u00e8de surplombant le golf de Seignosse, \u00e0 deux pas de l'Oc\u00e9an.\n\t\t\t<\/h3>\t\t\t\t   \t\t\t<!-- - Description -->\n\t\t\t\t\t\t\t\t\t<\/div>\n\t\t\t\t\t\t\t<\/a>\n\t\t<\/div>\n\t\t\t\t\t\t\t\t\t<\/div>\n\t\t\t\t\t\t\t\t<div class=\"js-grid__item col-xxl-4 col-xl-4 col-lg-6 col-md-6 col-sm-12 col-12 category-c\u00f4te_ouest\">\n\t\t\t\t\t\t\t\t\t\t\t<div class=\"portfolio-card\" data-post-id=\"9\" data-arts-os-animation-name=\"animatedJumpScale\">\n\t\t\t<a href=\"https:\/\/www.leshautesmers.fontenille-collection.com\/\" class=\"portfolio-card__link hover-zoom\">\n\t\t\t\t\t\t\t\t\t<div class=\"portfolio-card__wrapper-media\">\n\t\t\t\t\t\t\t\t<div class=\"overflow-hidden shape-top-arc hover-zoom__zoom\">\n\t\t\t\n\t<div class=\"overflow-hidden hover-zoom__inner has-aspect-ratio\" style=\"--media-width:768; --media-height:1152;\">\n\t\t<img loading=\"lazy\" decoding=\"async\" class=\"lazy of-contain\" src=\"data:image\/svg+xml,%3Csvg%20xmlns=&amp;apos;http:\/\/www.w3.org\/2000\/svg&amp;apos;%20width=&amp;apos;100%25&amp;apos;%20height=&amp;apos;100%25&amp;apos;%3E%3C\/svg%3E\" data-src=\"https:\/\/www.leshautesmers.fontenille-collection.com\/wp-content\/uploads\/2025\/10\/Les-Hautes-Mers-fontenille-collection-lile-dyeu-768x1152.webp\" width=\"768\" height=\"1152\" data-srcset=\"https:\/\/www.leshautesmers.fontenille-collection.com\/wp-content\/uploads\/2025\/10\/Les-Hautes-Mers-fontenille-collection-lile-dyeu-768x1152.webp 768w, https:\/\/www.leshautesmers.fontenille-collection.com\/wp-content\/uploads\/2025\/10\/Les-Hautes-Mers-fontenille-collection-lile-dyeu-200x300.webp 200w, https:\/\/www.leshautesmers.fontenille-collection.com\/wp-content\/uploads\/2025\/10\/Les-Hautes-Mers-fontenille-collection-lile-dyeu-683x1024.webp 683w, https:\/\/www.leshautesmers.fontenille-collection.com\/wp-content\/uploads\/2025\/10\/Les-Hautes-Mers-fontenille-collection-lile-dyeu-1024x1536.webp 1024w, https:\/\/www.leshautesmers.fontenille-collection.com\/wp-content\/uploads\/2025\/10\/Les-Hautes-Mers-fontenille-collection-lile-dyeu-8x12.webp 8w, https:\/\/www.leshautesmers.fontenille-collection.com\/wp-content\/uploads\/2025\/10\/Les-Hautes-Mers-fontenille-collection-lile-dyeu.webp 1280w\" data-sizes=\"(max-width: 768px) 100vw, 768px\" alt=\"Les Hautes Mers \u00e0 l&amp;apos;\u00eele d&amp;apos;Yeu\">\n\t\t\t<noscript><img loading=\"lazy\" decoding=\"async\" class=\"lazy of-contain\" src=\"https:\/\/www.leshautesmers.fontenille-collection.com\/wp-content\/uploads\/2025\/10\/Les-Hautes-Mers-fontenille-collection-lile-dyeu-768x1152.webp\" width=\"768\" height=\"1152\" alt=\"Les Hautes Mers \u00e0 l&amp;apos;\u00eele d&amp;apos;Yeu\" srcset=\"https:\/\/www.leshautesmers.fontenille-collection.com\/wp-content\/uploads\/2025\/10\/Les-Hautes-Mers-fontenille-collection-lile-dyeu-768x1152.webp 768w, https:\/\/www.leshautesmers.fontenille-collection.com\/wp-content\/uploads\/2025\/10\/Les-Hautes-Mers-fontenille-collection-lile-dyeu-200x300.webp 200w, https:\/\/www.leshautesmers.fontenille-collection.com\/wp-content\/uploads\/2025\/10\/Les-Hautes-Mers-fontenille-collection-lile-dyeu-683x1024.webp 683w, https:\/\/www.leshautesmers.fontenille-collection.com\/wp-content\/uploads\/2025\/10\/Les-Hautes-Mers-fontenille-collection-lile-dyeu-1024x1536.webp 1024w, https:\/\/www.leshautesmers.fontenille-collection.com\/wp-content\/uploads\/2025\/10\/Les-Hautes-Mers-fontenille-collection-lile-dyeu-8x12.webp 8w, https:\/\/www.leshautesmers.fontenille-collection.com\/wp-content\/uploads\/2025\/10\/Les-Hautes-Mers-fontenille-collection-lile-dyeu.webp 1280w\" sizes=\"(max-width: 768px) 100vw, 768px\"><\/noscript>\n\t\t\t<\/div>\n\t\t<\/div>\n\t\t\t\t\t\t\t<\/div>\n\t\t\t\t\t\t\t\t\t\t\t\t\t<div class=\"portfolio-card__content mt-lg-4 mt-3\">\n\t\t\t\t\t\t\t\t\n\t\t\t\t\t\t\t<h2 class=\"my-0 typography-heading my-0 typography-heading\">Les Hautes Mers<br><span class=\"masonry-subheading\">L\u2019\u00cele d\u2019Yeu<\/span>\t\t\t<\/h2>\t\t\t\t   \n\t\t\n\t\t\t\t\t<div class=\"w-100\"><\/div>\n\t\t\t<!-- Description -->\n\t\t\t\t\t\t\t\t\t<h3 class=\"mt-3 mb-0 typography-description\">Un h\u00f4tel de charme, inspir\u00e9 par l'esprit des p\u00eacheurs, id\u00e9alement situ\u00e9 en bord d'oc\u00e9an sur l'\u00cele d'Yeu. \t\t\t<\/h3>\t\t\t\t   \t\t\t<!-- - Description -->\n\t\t\t\t\t\t\t\t\t<\/div>\n\t\t\t\t\t\t\t<\/a>\n\t\t<\/div>\n\t\t\t\t\t\t\t\t\t<\/div>\n\t\t\t\t\t\t\t\t<div class=\"js-grid__item col-xxl-4 col-xl-4 col-lg-6 col-md-6 col-sm-12 col-12 category-c\u00f4te_ouest\">\n\t\t\t\t\t\t\t\t\t\t\t<div class=\"portfolio-card\" data-post-id=\"10\" data-arts-os-animation-name=\"animatedJumpScale\">\n\t\t\t<a href=\"https:\/\/les-bassans.com\/\" class=\"portfolio-card__link hover-zoom\">\n\t\t\t\t\t\t\t\t\t<div class=\"portfolio-card__wrapper-media\">\n\t\t\t\t\t\t\t\t<div class=\"overflow-hidden shape-top-arc hover-zoom__zoom\">\n\t\t\t\n\t<div class=\"overflow-hidden hover-zoom__inner has-aspect-ratio\" style=\"--media-width:768; --media-height:1152;\">\n\t\t<img loading=\"lazy\" decoding=\"async\" class=\"lazy of-contain\" src=\"data:image\/svg+xml,%3Csvg%20xmlns=&amp;apos;http:\/\/www.w3.org\/2000\/svg&amp;apos;%20width=&amp;apos;100%25&amp;apos;%20height=&amp;apos;100%25&amp;apos;%3E%3C\/svg%3E\" data-src=\"https:\/\/www.leshautesmers.fontenille-collection.com\/wp-content\/uploads\/2025\/10\/Les-Bassans-fonteille-collection-perros-guirec-768x1152.webp\" width=\"768\" height=\"1152\" data-srcset=\"https:\/\/www.leshautesmers.fontenille-collection.com\/wp-content\/uploads\/2025\/10\/Les-Bassans-fonteille-collection-perros-guirec-768x1152.webp 768w, https:\/\/www.leshautesmers.fontenille-collection.com\/wp-content\/uploads\/2025\/10\/Les-Bassans-fonteille-collection-perros-guirec-200x300.webp 200w, https:\/\/www.leshautesmers.fontenille-collection.com\/wp-content\/uploads\/2025\/10\/Les-Bassans-fonteille-collection-perros-guirec-683x1024.webp 683w, https:\/\/www.leshautesmers.fontenille-collection.com\/wp-content\/uploads\/2025\/10\/Les-Bassans-fonteille-collection-perros-guirec-1024x1536.webp 1024w, https:\/\/www.leshautesmers.fontenille-collection.com\/wp-content\/uploads\/2025\/10\/Les-Bassans-fonteille-collection-perros-guirec-8x12.webp 8w, https:\/\/www.leshautesmers.fontenille-collection.com\/wp-content\/uploads\/2025\/10\/Les-Bassans-fonteille-collection-perros-guirec.webp 1280w\" data-sizes=\"(max-width: 768px) 100vw, 768px\" alt=\"Les Bassans \u00e0 Perros Guirec\">\n\t\t\t<noscript><img loading=\"lazy\" decoding=\"async\" class=\"lazy of-contain\" src=\"https:\/\/www.leshautesmers.fontenille-collection.com\/wp-content\/uploads\/2025\/10\/Les-Bassans-fonteille-collection-perros-guirec-768x1152.webp\" width=\"768\" height=\"1152\" alt=\"Les Bassans \u00e0 Perros Guirec\" srcset=\"https:\/\/www.leshautesmers.fontenille-collection.com\/wp-content\/uploads\/2025\/10\/Les-Bassans-fonteille-collection-perros-guirec-768x1152.webp 768w, https:\/\/www.leshautesmers.fontenille-collection.com\/wp-content\/uploads\/2025\/10\/Les-Bassans-fonteille-collection-perros-guirec-200x300.webp 200w, https:\/\/www.leshautesmers.fontenille-collection.com\/wp-content\/uploads\/2025\/10\/Les-Bassans-fonteille-collection-perros-guirec-683x1024.webp 683w, https:\/\/www.leshautesmers.fontenille-collection.com\/wp-content\/uploads\/2025\/10\/Les-Bassans-fonteille-collection-perros-guirec-1024x1536.webp 1024w, https:\/\/www.leshautesmers.fontenille-collection.com\/wp-content\/uploads\/2025\/10\/Les-Bassans-fonteille-collection-perros-guirec-8x12.webp 8w, https:\/\/www.leshautesmers.fontenille-collection.com\/wp-content\/uploads\/2025\/10\/Les-Bassans-fonteille-collection-perros-guirec.webp 1280w\" sizes=\"(max-width: 768px) 100vw, 768px\"><\/noscript>\n\t\t\t<\/div>\n\t\t<\/div>\n\t\t\t\t\t\t\t<\/div>\n\t\t\t\t\t\t\t\t\t\t\t\t\t<div class=\"portfolio-card__content mt-lg-4 mt-3\">\n\t\t\t\t\t\t\t\t\n\t\t\t\t\t\t\t<h2 class=\"my-0 typography-heading my-0 typography-heading\">Les Bassans<br><span class=\"masonry-subheading\">Perros-Guirec<\/span>\t\t\t<\/h2>\t\t\t\t   \n\t\t\n\t\t\t\t\t<div class=\"w-100\"><\/div>\n\t\t\t<!-- Description -->\n\t\t\t\t\t\t\t\t\t<h3 class=\"mt-3 mb-0 typography-description\">Une maison bretonne intimiste entre ciel et mer perch\u00e9e face \u00e0 l\u2019Archipel des Sept \u00celes, tout pr\u00e8s de la plage de Trestignel.\n\t\t\t<\/h3>\t\t\t\t   \t\t\t<!-- - Description -->\n\t\t\t\t\t\t\t\t\t<\/div>\n\t\t\t\t\t\t\t<\/a>\n\t\t<\/div>\n\t\t\t\t\t\t\t\t\t<\/div>\n\t\t\t\t\t\t\t\t<div class=\"js-grid__item col-xxl-4 col-xl-4 col-lg-6 col-md-6 col-sm-12 col-12 category-minorque\">\n\t\t\t\t\t\t\t\t\t\t\t<div class=\"portfolio-card\" data-post-id=\"11\" data-arts-os-animation-name=\"animatedJumpScale\">\n\t\t\t<a href=\"https:\/\/www.santa-ponsa.fontenille-collection.com\/\" class=\"portfolio-card__link hover-zoom\">\n\t\t\t\t\t\t\t\t\t<div class=\"portfolio-card__wrapper-media\">\n\t\t\t\t\t\t\t\t<div class=\"overflow-hidden shape-top-arc hover-zoom__zoom\">\n\t\t\t\n\t<div class=\"overflow-hidden hover-zoom__inner has-aspect-ratio\" style=\"--media-width:768; --media-height:1153;\">\n\t\t<img loading=\"lazy\" decoding=\"async\" class=\"lazy of-contain\" src=\"data:image\/svg+xml,%3Csvg%20xmlns=&amp;apos;http:\/\/www.w3.org\/2000\/svg&amp;apos;%20width=&amp;apos;100%25&amp;apos;%20height=&amp;apos;100%25&amp;apos;%3E%3C\/svg%3E\" data-src=\"https:\/\/www.leshautesmers.fontenille-collection.com\/wp-content\/uploads\/2025\/09\/santa-ponsa-menorca1-1-768x1153.webp\" width=\"768\" height=\"1153\" data-srcset=\"https:\/\/www.leshautesmers.fontenille-collection.com\/wp-content\/uploads\/2025\/09\/santa-ponsa-menorca1-1-768x1153.webp 768w, https:\/\/www.leshautesmers.fontenille-collection.com\/wp-content\/uploads\/2025\/09\/santa-ponsa-menorca1-1-200x300.webp 200w, https:\/\/www.leshautesmers.fontenille-collection.com\/wp-content\/uploads\/2025\/09\/santa-ponsa-menorca1-1-682x1024.webp 682w, https:\/\/www.leshautesmers.fontenille-collection.com\/wp-content\/uploads\/2025\/09\/santa-ponsa-menorca1-1-1023x1536.webp 1023w, https:\/\/www.leshautesmers.fontenille-collection.com\/wp-content\/uploads\/2025\/09\/santa-ponsa-menorca1-1-8x12.webp 8w, https:\/\/www.leshautesmers.fontenille-collection.com\/wp-content\/uploads\/2025\/09\/santa-ponsa-menorca1-1.webp 1066w\" data-sizes=\"(max-width: 768px) 100vw, 768px\" alt=\"Santa Ponsa \u00e0 Minorque\">\n\t\t\t<noscript><img loading=\"lazy\" decoding=\"async\" class=\"lazy of-contain\" src=\"https:\/\/www.leshautesmers.fontenille-collection.com\/wp-content\/uploads\/2025\/09\/santa-ponsa-menorca1-1-768x1153.webp\" width=\"768\" height=\"1153\" alt=\"Santa Ponsa \u00e0 Minorque\" srcset=\"https:\/\/www.leshautesmers.fontenille-collection.com\/wp-content\/uploads\/2025\/09\/santa-ponsa-menorca1-1-768x1153.webp 768w, https:\/\/www.leshautesmers.fontenille-collection.com\/wp-content\/uploads\/2025\/09\/santa-ponsa-menorca1-1-200x300.webp 200w, https:\/\/www.leshautesmers.fontenille-collection.com\/wp-content\/uploads\/2025\/09\/santa-ponsa-menorca1-1-682x1024.webp 682w, https:\/\/www.leshautesmers.fontenille-collection.com\/wp-content\/uploads\/2025\/09\/santa-ponsa-menorca1-1-1023x1536.webp 1023w, https:\/\/www.leshautesmers.fontenille-collection.com\/wp-content\/uploads\/2025\/09\/santa-ponsa-menorca1-1-8x12.webp 8w, https:\/\/www.leshautesmers.fontenille-collection.com\/wp-content\/uploads\/2025\/09\/santa-ponsa-menorca1-1.webp 1066w\" sizes=\"(max-width: 768px) 100vw, 768px\"><\/noscript>\n\t\t\t<\/div>\n\t\t<\/div>\n\t\t\t\t\t\t\t<\/div>\n\t\t\t\t\t\t\t\t\t\t\t\t\t<div class=\"portfolio-card__content mt-lg-4 mt-3\">\n\t\t\t\t\t\t\t\t\n\t\t\t\t\t\t\t<h2 class=\"my-0 typography-heading my-0 typography-heading\">Santa Ponsa<br><span class=\"masonry-subheading\">Menorca<\/span>\t\t\t<\/h2>\t\t\t\t   \n\t\t\n\t\t\t\t\t<div class=\"w-100\"><\/div>\n\t\t\t<!-- Description -->\n\t\t\t\t\t\t\t\t\t<h3 class=\"mt-3 mb-0 typography-description\">Un ancien palais minorquin du XVII\u00e8me si\u00e8cle et ses hectares de nature luxuriante, entre influences espagnoles et maures.\t\t\t<\/h3>\t\t\t\t   \t\t\t<!-- - Description -->\n\t\t\t\t\t\t\t\t\t<\/div>\n\t\t\t\t\t\t\t<\/a>\n\t\t<\/div>\n\t\t\t\t\t\t\t\t\t<\/div>\n\t\t\t\t\t\t\t\t<div class=\"js-grid__item col-xxl-4 col-xl-4 col-lg-6 col-md-6 col-sm-12 col-12 category-minorque\">\n\t\t\t\t\t\t\t\t\t\t\t<div class=\"portfolio-card\" data-post-id=\"12\" data-arts-os-animation-name=\"animatedJumpScale\">\n\t\t\t<a href=\"https:\/\/www.torre-vella.fontenille-collection.com\/\" class=\"portfolio-card__link hover-zoom\">\n\t\t\t\t\t\t\t\t\t<div class=\"portfolio-card__wrapper-media\">\n\t\t\t\t\t\t\t\t<div class=\"overflow-hidden shape-top-arc hover-zoom__zoom\">\n\t\t\t\n\t<div class=\"overflow-hidden hover-zoom__inner has-aspect-ratio\" style=\"--media-width:768; --media-height:1152;\">\n\t\t<img loading=\"lazy\" decoding=\"async\" class=\"lazy of-contain\" src=\"data:image\/svg+xml,%3Csvg%20xmlns=&amp;apos;http:\/\/www.w3.org\/2000\/svg&amp;apos;%20width=&amp;apos;100%25&amp;apos;%20height=&amp;apos;100%25&amp;apos;%3E%3C\/svg%3E\" data-src=\"https:\/\/www.leshautesmers.fontenille-collection.com\/wp-content\/uploads\/2025\/09\/torre-vella-menorca_11zon-1-768x1152.webp\" width=\"768\" height=\"1152\" data-srcset=\"https:\/\/www.leshautesmers.fontenille-collection.com\/wp-content\/uploads\/2025\/09\/torre-vella-menorca_11zon-1-768x1152.webp 768w, https:\/\/www.leshautesmers.fontenille-collection.com\/wp-content\/uploads\/2025\/09\/torre-vella-menorca_11zon-1-200x300.webp 200w, https:\/\/www.leshautesmers.fontenille-collection.com\/wp-content\/uploads\/2025\/09\/torre-vella-menorca_11zon-1-683x1024.webp 683w, https:\/\/www.leshautesmers.fontenille-collection.com\/wp-content\/uploads\/2025\/09\/torre-vella-menorca_11zon-1-1024x1536.webp 1024w, https:\/\/www.leshautesmers.fontenille-collection.com\/wp-content\/uploads\/2025\/09\/torre-vella-menorca_11zon-1-8x12.webp 8w, https:\/\/www.leshautesmers.fontenille-collection.com\/wp-content\/uploads\/2025\/09\/torre-vella-menorca_11zon-1.webp 1280w\" data-sizes=\"(max-width: 768px) 100vw, 768px\" alt=\"Torre Vella \u00e0 Minorque\">\n\t\t\t<noscript><img loading=\"lazy\" decoding=\"async\" class=\"lazy of-contain\" src=\"https:\/\/www.leshautesmers.fontenille-collection.com\/wp-content\/uploads\/2025\/09\/torre-vella-menorca_11zon-1-768x1152.webp\" width=\"768\" height=\"1152\" alt=\"Torre Vella \u00e0 Minorque\" srcset=\"https:\/\/www.leshautesmers.fontenille-collection.com\/wp-content\/uploads\/2025\/09\/torre-vella-menorca_11zon-1-768x1152.webp 768w, https:\/\/www.leshautesmers.fontenille-collection.com\/wp-content\/uploads\/2025\/09\/torre-vella-menorca_11zon-1-200x300.webp 200w, https:\/\/www.leshautesmers.fontenille-collection.com\/wp-content\/uploads\/2025\/09\/torre-vella-menorca_11zon-1-683x1024.webp 683w, https:\/\/www.leshautesmers.fontenille-collection.com\/wp-content\/uploads\/2025\/09\/torre-vella-menorca_11zon-1-1024x1536.webp 1024w, https:\/\/www.leshautesmers.fontenille-collection.com\/wp-content\/uploads\/2025\/09\/torre-vella-menorca_11zon-1-8x12.webp 8w, https:\/\/www.leshautesmers.fontenille-collection.com\/wp-content\/uploads\/2025\/09\/torre-vella-menorca_11zon-1.webp 1280w\" sizes=\"(max-width: 768px) 100vw, 768px\"><\/noscript>\n\t\t\t<\/div>\n\t\t<\/div>\n\t\t\t\t\t\t\t<\/div>\n\t\t\t\t\t\t\t\t\t\t\t\t\t<div class=\"portfolio-card__content mt-lg-4 mt-3\">\n\t\t\t\t\t\t\t\t\n\t\t\t\t\t\t\t<h2 class=\"my-0 typography-heading my-0 typography-heading\">Torre Vella <br> <span class=\"masonry-subheading\">Menorca<\/span>\t\t\t<\/h2>\t\t\t\t   \n\t\t\n\t\t\t\t\t<div class=\"w-100\"><\/div>\n\t\t\t<!-- Description -->\n\t\t\t\t\t\t\t\t\t<h3 class=\"mt-3 mb-0 typography-description\">Une finca minorquine boh\u00e8me iconique, sur 200 hectares jusqu\u2019aux falaises, entre histoire mill\u00e9naire et paysages sauvages.\t\t\t<\/h3>\t\t\t\t   \t\t\t<!-- - Description -->\n\t\t\t\t\t\t\t\t\t<\/div>\n\t\t\t\t\t\t\t<\/a>\n\t\t<\/div>\n\t\t\t\t\t\t\t\t\t<\/div>\n\t\t\t\t\t\t\t\t<div class=\"js-grid__item col-xxl-4 col-xl-4 col-lg-6 col-md-6 col-sm-12 col-12 category-toscane\">\n\t\t\t\t\t\t\t\t\t\t\t<div class=\"portfolio-card\" data-post-id=\"13\" data-arts-os-animation-name=\"animatedJumpScale\">\n\t\t\t<a href=\"https:\/\/www.pieve-aldina.fontenille-collection.com\/\" class=\"portfolio-card__link hover-zoom\">\n\t\t\t\t\t\t\t\t\t<div class=\"portfolio-card__wrapper-media\">\n\t\t\t\t\t\t\t\t<div class=\"overflow-hidden shape-top-arc hover-zoom__zoom\">\n\t\t\t\n\t<div class=\"overflow-hidden hover-zoom__inner has-aspect-ratio\" style=\"--media-width:768; --media-height:1153;\">\n\t\t<img loading=\"lazy\" decoding=\"async\" class=\"lazy of-contain\" src=\"data:image\/svg+xml,%3Csvg%20xmlns=&amp;apos;http:\/\/www.w3.org\/2000\/svg&amp;apos;%20width=&amp;apos;100%25&amp;apos;%20height=&amp;apos;100%25&amp;apos;%3E%3C\/svg%3E\" data-src=\"https:\/\/www.leshautesmers.fontenille-collection.com\/wp-content\/uploads\/2025\/09\/pieve-aldina-toscane-1-768x1153.webp\" width=\"768\" height=\"1153\" data-srcset=\"https:\/\/www.leshautesmers.fontenille-collection.com\/wp-content\/uploads\/2025\/09\/pieve-aldina-toscane-1-768x1153.webp 768w, https:\/\/www.leshautesmers.fontenille-collection.com\/wp-content\/uploads\/2025\/09\/pieve-aldina-toscane-1-200x300.webp 200w, https:\/\/www.leshautesmers.fontenille-collection.com\/wp-content\/uploads\/2025\/09\/pieve-aldina-toscane-1-682x1024.webp 682w, https:\/\/www.leshautesmers.fontenille-collection.com\/wp-content\/uploads\/2025\/09\/pieve-aldina-toscane-1-1023x1536.webp 1023w, https:\/\/www.leshautesmers.fontenille-collection.com\/wp-content\/uploads\/2025\/09\/pieve-aldina-toscane-1-8x12.webp 8w, https:\/\/www.leshautesmers.fontenille-collection.com\/wp-content\/uploads\/2025\/09\/pieve-aldina-toscane-1.webp 1066w\" data-sizes=\"(max-width: 768px) 100vw, 768px\" alt=\"Pieve Aldina en Toscane\">\n\t\t\t<noscript><img loading=\"lazy\" decoding=\"async\" class=\"lazy of-contain\" src=\"https:\/\/www.leshautesmers.fontenille-collection.com\/wp-content\/uploads\/2025\/09\/pieve-aldina-toscane-1-768x1153.webp\" width=\"768\" height=\"1153\" alt=\"Pieve Aldina en Toscane\" srcset=\"https:\/\/www.leshautesmers.fontenille-collection.com\/wp-content\/uploads\/2025\/09\/pieve-aldina-toscane-1-768x1153.webp 768w, https:\/\/www.leshautesmers.fontenille-collection.com\/wp-content\/uploads\/2025\/09\/pieve-aldina-toscane-1-200x300.webp 200w, https:\/\/www.leshautesmers.fontenille-collection.com\/wp-content\/uploads\/2025\/09\/pieve-aldina-toscane-1-682x1024.webp 682w, https:\/\/www.leshautesmers.fontenille-collection.com\/wp-content\/uploads\/2025\/09\/pieve-aldina-toscane-1-1023x1536.webp 1023w, https:\/\/www.leshautesmers.fontenille-collection.com\/wp-content\/uploads\/2025\/09\/pieve-aldina-toscane-1-8x12.webp 8w, https:\/\/www.leshautesmers.fontenille-collection.com\/wp-content\/uploads\/2025\/09\/pieve-aldina-toscane-1.webp 1066w\" sizes=\"(max-width: 768px) 100vw, 768px\"><\/noscript>\n\t\t\t<\/div>\n\t\t<\/div>\n\t\t\t\t\t\t\t<\/div>\n\t\t\t\t\t\t\t\t\t\t\t\t\t<div class=\"portfolio-card__content mt-lg-4 mt-3\">\n\t\t\t\t\t\t\t\t\n\t\t\t\t\t\t\t<h2 class=\"my-0 typography-heading my-0 typography-heading\">Pieve Aldina<br><span class=\"masonry-subheading\">Toscane<\/span>\t\t\t<\/h2>\t\t\t\t   \n\t\t\n\t\t\t\t\t<div class=\"w-100\"><\/div>\n\t\t\t<!-- Description -->\n\t\t\t\t\t\t\t\t\t<h3 class=\"mt-3 mb-0 typography-description\">L\u2019ancienne r\u00e9sidence d\u2019\u00e9t\u00e9 des \u00c9v\u00eaques de Sienne, avec son \u00e9glise consacr\u00e9e, nich\u00e9e \u00e0 Radda-in-Chianti, \u00e0 une heure de Florence.\t\t\t<\/h3>\t\t\t\t   \t\t\t<!-- - Description -->\n\t\t\t\t\t\t\t\t\t<\/div>\n\t\t\t\t\t\t\t<\/a>\n\t\t<\/div>\n\t\t\t\t\t\t\t\t\t<\/div>\n\t\t\t\t\t\t\t<\/div>\n\t\t<\/div>\n\t\t<!-- - Grid items -->\n\t\t\t\t\t\t\t<\/div>\n\t\t\t\t\t\t\t\t<\/div>\n\t\t\t\t<\/div>\n\t\t\t\t<\/div>\n\t\t<div class=\"elementor-element elementor-element-bd61f7c e-con-full e-flex e-con e-child\" data-id=\"bd61f7c\" data-element_type=\"container\" data-e-type=\"container\" data-settings=\"{&quot;background_background&quot;:&quot;classic&quot;}\">\n\t\t<div class=\"elementor-element elementor-element-e59b368 e-con-full e-flex e-con e-child\" data-id=\"e59b368\" data-element_type=\"container\" data-e-type=\"container\">\n\t\t<div class=\"elementor-element elementor-element-7278f05 e-con-full e-flex e-con e-child\" data-id=\"7278f05\" data-element_type=\"container\" data-e-type=\"container\">\n\t\t\t\t<div class=\"elementor-element elementor-element-a32cf6c elementor-cta--skin-cover elementor-cta--valign-middle elementor-animated-content elementor-bg-transform elementor-bg-transform-zoom-in elementor-widget elementor-widget-call-to-action\" data-id=\"a32cf6c\" data-element_type=\"widget\" data-e-type=\"widget\" data-widget_type=\"call-to-action.default\">\n\t\t\t\t<div class=\"elementor-widget-container\">\n\t\t\t\t\t\t\t<a class=\"elementor-cta\" href=\"https:\/\/fontenille-collection.com\/experiences\/\">\n\t\t\t\t\t<div class=\"elementor-cta__bg-wrapper\">\n\t\t\t\t<div class=\"elementor-cta__bg elementor-bg\" style=\"background-image: url(https:\/\/www.leshautesmers.fontenille-collection.com\/wp-content\/uploads\/2024\/12\/experience-atelier-culinaire.jpg);\" role=\"img\" aria-label=\"experience-atelier-culinaire\"><\/div>\n\t\t\t\t<div class=\"elementor-cta__bg-overlay\"><\/div>\n\t\t\t<\/div>\n\t\t\t\t\t\t\t<div class=\"elementor-cta__content\">\n\t\t\t\t\n\t\t\t\t\t\t\t\t\t<h3 class=\"elementor-cta__title elementor-cta__content-item elementor-content-item elementor-animated-item--move-up\">\n\t\t\t\t\t\tExp\u00e9riences\t\t\t\t\t<\/h3>\n\t\t\t\t\n\t\t\t\t\t\t\t\t\t<h4 class=\"elementor-cta__description elementor-cta__content-item elementor-content-item elementor-animated-item--move-up\">\n\t\t\t\t\t\tCr\u00e9er des souvenirs<br>inoubliables\t\t\t\t\t<\/h4>\n\t\t\t\t\n\t\t\t\t\t\t\t<\/div>\n\t\t\t\t\t\t<\/a>\n\t\t\t\t\t\t<\/div>\n\t\t\t\t<\/div>\n\t\t\t\t<\/div>\n\t\t<div class=\"elementor-element elementor-element-122a505 e-con-full e-flex e-con e-child\" data-id=\"122a505\" data-element_type=\"container\" data-e-type=\"container\">\n\t\t\t\t<div class=\"elementor-element elementor-element-621523a elementor-cta--skin-cover elementor-cta--valign-middle elementor-animated-content elementor-bg-transform elementor-bg-transform-zoom-in elementor-widget elementor-widget-call-to-action\" data-id=\"621523a\" data-element_type=\"widget\" data-e-type=\"widget\" data-widget_type=\"call-to-action.default\">\n\t\t\t\t<div class=\"elementor-widget-container\">\n\t\t\t\t\t\t\t<a class=\"elementor-cta\" href=\"https:\/\/fontenille-collection.com\/nos-spas\/\">\n\t\t\t\t\t<div class=\"elementor-cta__bg-wrapper\">\n\t\t\t\t<div class=\"elementor-cta__bg elementor-bg\" style=\"background-image: url(https:\/\/www.leshautesmers.fontenille-collection.com\/wp-content\/uploads\/2024\/12\/soins-provence-768x768.webp);\" role=\"img\" aria-label=\"soins-provence\"><\/div>\n\t\t\t\t<div class=\"elementor-cta__bg-overlay\"><\/div>\n\t\t\t<\/div>\n\t\t\t\t\t\t\t<div class=\"elementor-cta__content\">\n\t\t\t\t\n\t\t\t\t\t\t\t\t\t<h3 class=\"elementor-cta__title elementor-cta__content-item elementor-content-item elementor-animated-item--move-up\">\n\t\t\t\t\t\tSpas\t\t\t\t\t<\/h3>\n\t\t\t\t\n\t\t\t\t\t\t\t\t\t<h4 class=\"elementor-cta__description elementor-cta__content-item elementor-content-item elementor-animated-item--move-up\">\n\t\t\t\t\t\tOffrez-vous un<br>Moment de S\u00e9r\u00e9nit\u00e9\t\t\t\t\t<\/h4>\n\t\t\t\t\n\t\t\t\t\t\t\t<\/div>\n\t\t\t\t\t\t<\/a>\n\t\t\t\t\t\t<\/div>\n\t\t\t\t<\/div>\n\t\t\t\t<\/div>\n\t\t<div class=\"elementor-element elementor-element-c743555 e-con-full e-flex e-con e-child\" data-id=\"c743555\" data-element_type=\"container\" data-e-type=\"container\">\n\t\t\t\t<div class=\"elementor-element elementor-element-0ee1c36 elementor-cta--skin-cover elementor-cta--valign-middle elementor-animated-content elementor-bg-transform elementor-bg-transform-zoom-in elementor-widget elementor-widget-call-to-action\" data-id=\"0ee1c36\" data-element_type=\"widget\" data-e-type=\"widget\" data-widget_type=\"call-to-action.default\">\n\t\t\t\t<div class=\"elementor-widget-container\">\n\t\t\t\t\t\t\t<a class=\"elementor-cta\" href=\"https:\/\/fontenille-collection.com\/nos-restaurants\/\">\n\t\t\t\t\t<div class=\"elementor-cta__bg-wrapper\">\n\t\t\t\t<div class=\"elementor-cta__bg elementor-bg\" style=\"background-image: url(https:\/\/www.leshautesmers.fontenille-collection.com\/wp-content\/uploads\/2024\/12\/nos-restaurants-768x1152.webp);\" role=\"img\" aria-label=\"nos-restaurants\"><\/div>\n\t\t\t\t<div class=\"elementor-cta__bg-overlay\"><\/div>\n\t\t\t<\/div>\n\t\t\t\t\t\t\t<div class=\"elementor-cta__content\">\n\t\t\t\t\n\t\t\t\t\t\t\t\t\t<h3 class=\"elementor-cta__title elementor-cta__content-item elementor-content-item elementor-animated-item--move-up\">\n\t\t\t\t\t\tRestaurants\t\t\t\t\t<\/h3>\n\t\t\t\t\n\t\t\t\t\t\t\t\t\t<h4 class=\"elementor-cta__description elementor-cta__content-item elementor-content-item elementor-animated-item--move-up\">\n\t\t\t\t\t\tTables gourmandes<br>et conviviales\n\t\t\t\t\t<\/h4>\n\t\t\t\t\n\t\t\t\t\t\t\t<\/div>\n\t\t\t\t\t\t<\/a>\n\t\t\t\t\t\t<\/div>\n\t\t\t\t<\/div>\n\t\t\t\t<\/div>\n\t\t<div class=\"elementor-element elementor-element-350809f e-con-full e-flex e-con e-child\" data-id=\"350809f\" data-element_type=\"container\" data-e-type=\"container\">\n\t\t\t\t<div class=\"elementor-element elementor-element-64e1a8e elementor-cta--skin-cover elementor-cta--valign-middle elementor-animated-content elementor-bg-transform elementor-bg-transform-zoom-in elementor-widget elementor-widget-call-to-action\" data-id=\"64e1a8e\" data-element_type=\"widget\" data-e-type=\"widget\" data-widget_type=\"call-to-action.default\">\n\t\t\t\t<div class=\"elementor-widget-container\">\n\t\t\t\t\t\t\t<a class=\"elementor-cta\" href=\"https:\/\/fontenille-collection.com\/privatisations-evenement-sur-mesure\/\">\n\t\t\t\t\t<div class=\"elementor-cta__bg-wrapper\">\n\t\t\t\t<div class=\"elementor-cta__bg elementor-bg\" style=\"background-image: url(https:\/\/www.leshautesmers.fontenille-collection.com\/wp-content\/uploads\/2025\/01\/evenements-768x1152.webp);\" role=\"img\" aria-label=\"evenements\"><\/div>\n\t\t\t\t<div class=\"elementor-cta__bg-overlay\"><\/div>\n\t\t\t<\/div>\n\t\t\t\t\t\t\t<div class=\"elementor-cta__content\">\n\t\t\t\t\n\t\t\t\t\t\t\t\t\t<h3 class=\"elementor-cta__title elementor-cta__content-item elementor-content-item elementor-animated-item--move-up\">\n\t\t\t\t\t\tPrivatisation\t\t\t\t\t<\/h3>\n\t\t\t\t\n\t\t\t\t\t\t\t\t\t<h4 class=\"elementor-cta__description elementor-cta__content-item elementor-content-item elementor-animated-item--move-up\">\n\t\t\t\t\t\tR\u00e9ceptions<br>sur-mesure\n\t\t\t\t\t<\/h4>\n\t\t\t\t\n\t\t\t\t\t\t\t<\/div>\n\t\t\t\t\t\t<\/a>\n\t\t\t\t\t\t<\/div>\n\t\t\t\t<\/div>\n\t\t\t\t<\/div>\n\t\t\t\t<\/div>\n\t\t\t\t<\/div>\n\t\t\t\t<\/div>\n\t\t","protected":false},"excerpt":{"rendered":"<p>Filtres TousBourgogne\u00c0 1 heure de ParisProvenceC\u00f4te OuestMinorqueToscane Tous Bourgogne \u00c0 1 heure de Paris Provence C\u00f4te Ouest Minorque Toscane Ch\u00e2teau de C\u00eeteauxBourgogne Au pied des vignes de Meursault, un domaine d\u2019h\u00e9ritage cistercien qui rena\u00eet en juillet 2026. Domaine de PrimardNormandie Une maison de campagne au sein de jardins enchanteurs \u00e0 moins d\u2019une heure de Paris. [&hellip;]<\/p>\n","protected":false},"author":1,"featured_media":28448,"parent":0,"menu_order":0,"comment_status":"closed","ping_status":"closed","template":"elementor_header_footer","meta":{"_acf_changed":false,"footnotes":""},"class_list":["post-2213","page","type-page","status-publish","has-post-thumbnail","hentry"],"acf":[],"yoast_head":"<!-- This site is optimized with the Yoast SEO plugin v27.5 - https:\/\/yoast.com\/product\/yoast-seo-wordpress\/ -->\n<title>Fontenille Collection | Au c\u0153ur de l\u2019\u00cele d\u2019Yeu<\/title>\n<meta name=\"description\" content=\"D\u00e9couvrez Fontenille Collection \u00e0 l&#039;\u00eele d&#039;Yeu &amp; son refuge sur l&#039;Atlantique puis explorez nos maisons de charme en France, Italie &amp; Espagne.\" \/>\n<meta name=\"robots\" content=\"index, follow, max-snippet:-1, max-image-preview:large, max-video-preview:-1\" \/>\n<link rel=\"canonical\" href=\"https:\/\/www.leshautesmers.fontenille-collection.com\/es\/nuestra-coleccion\/\" \/>\n<meta property=\"og:locale\" content=\"es_ES\" \/>\n<meta property=\"og:type\" content=\"article\" \/>\n<meta property=\"og:title\" content=\"Fontenille Collection | Au c\u0153ur de l\u2019\u00cele d\u2019Yeu\" \/>\n<meta property=\"og:description\" content=\"D\u00e9couvrez Fontenille Collection \u00e0 l&#039;\u00eele d&#039;Yeu &amp; son refuge sur l&#039;Atlantique puis explorez nos maisons de charme en France, Italie &amp; Espagne.\" \/>\n<meta property=\"og:url\" content=\"https:\/\/www.leshautesmers.fontenille-collection.com\/es\/nuestra-coleccion\/\" \/>\n<meta property=\"og:site_name\" content=\"Les Hautes Mers - H\u00f4tel, Restaurant, Spa vue mer \u00e0 l&#039;\u00cele d&#039;Yeu\" \/>\n<meta property=\"article:modified_time\" content=\"2026-04-30T21:22:49+00:00\" \/>\n<meta property=\"og:image\" content=\"https:\/\/www.leshautesmers.fontenille-collection.com\/wp-content\/uploads\/2025\/09\/les-hautes-mers-hotel-ile-yeu-fontenille-collection-port-joinville-vue-mer.jpeg\" \/>\n\t<meta property=\"og:image:width\" content=\"1600\" \/>\n\t<meta property=\"og:image:height\" content=\"1066\" \/>\n\t<meta property=\"og:image:type\" content=\"image\/jpeg\" \/>\n<meta name=\"twitter:card\" content=\"summary_large_image\" \/>\n<meta name=\"twitter:label1\" content=\"Tiempo de lectura\" \/>\n\t<meta name=\"twitter:data1\" content=\"5 minutos\" \/>\n<script type=\"application\/ld+json\" class=\"yoast-schema-graph\">{\"@context\":\"https:\\\/\\\/schema.org\",\"@graph\":[{\"@type\":\"WebPage\",\"@id\":\"https:\\\/\\\/www.leshautesmers.fontenille-collection.com\\\/notre-collection\\\/\",\"url\":\"https:\\\/\\\/www.leshautesmers.fontenille-collection.com\\\/notre-collection\\\/\",\"name\":\"Fontenille Collection | Au c\u0153ur de l\u2019\u00cele d\u2019Yeu\",\"isPartOf\":{\"@id\":\"https:\\\/\\\/www.leshautesmers.fontenille-collection.com\\\/#website\"},\"primaryImageOfPage\":{\"@id\":\"https:\\\/\\\/www.leshautesmers.fontenille-collection.com\\\/notre-collection\\\/#primaryimage\"},\"image\":{\"@id\":\"https:\\\/\\\/www.leshautesmers.fontenille-collection.com\\\/notre-collection\\\/#primaryimage\"},\"thumbnailUrl\":\"https:\\\/\\\/www.leshautesmers.fontenille-collection.com\\\/wp-content\\\/uploads\\\/2025\\\/09\\\/les-hautes-mers-hotel-ile-yeu-fontenille-collection-port-joinville-vue-mer.jpeg\",\"datePublished\":\"2023-06-26T01:56:14+00:00\",\"dateModified\":\"2026-04-30T21:22:49+00:00\",\"description\":\"D\u00e9couvrez Fontenille Collection \u00e0 l'\u00eele d'Yeu & son refuge sur l'Atlantique puis explorez nos maisons de charme en France, Italie & Espagne.\",\"breadcrumb\":{\"@id\":\"https:\\\/\\\/www.leshautesmers.fontenille-collection.com\\\/notre-collection\\\/#breadcrumb\"},\"inLanguage\":\"es\",\"potentialAction\":[{\"@type\":\"ReadAction\",\"target\":[\"https:\\\/\\\/www.leshautesmers.fontenille-collection.com\\\/notre-collection\\\/\"]}]},{\"@type\":\"ImageObject\",\"inLanguage\":\"es\",\"@id\":\"https:\\\/\\\/www.leshautesmers.fontenille-collection.com\\\/notre-collection\\\/#primaryimage\",\"url\":\"https:\\\/\\\/www.leshautesmers.fontenille-collection.com\\\/wp-content\\\/uploads\\\/2025\\\/09\\\/les-hautes-mers-hotel-ile-yeu-fontenille-collection-port-joinville-vue-mer.jpeg\",\"contentUrl\":\"https:\\\/\\\/www.leshautesmers.fontenille-collection.com\\\/wp-content\\\/uploads\\\/2025\\\/09\\\/les-hautes-mers-hotel-ile-yeu-fontenille-collection-port-joinville-vue-mer.jpeg\",\"width\":1600,\"height\":1066,\"caption\":\"Vue de la piscine et de la mer depuis l'h\u00f4tel des Hautes Mers \u00e0 l'\u00eele d'Yeu\"},{\"@type\":\"BreadcrumbList\",\"@id\":\"https:\\\/\\\/www.leshautesmers.fontenille-collection.com\\\/notre-collection\\\/#breadcrumb\",\"itemListElement\":[{\"@type\":\"ListItem\",\"position\":1,\"name\":\"Accueil\",\"item\":\"https:\\\/\\\/www.leshautesmers.fontenille-collection.com\\\/\"},{\"@type\":\"ListItem\",\"position\":2,\"name\":\"Notre Collection\"}]},{\"@type\":\"WebSite\",\"@id\":\"https:\\\/\\\/www.leshautesmers.fontenille-collection.com\\\/#website\",\"url\":\"https:\\\/\\\/www.leshautesmers.fontenille-collection.com\\\/\",\"name\":\"Les Hautes Mers - H\u00f4tel, Restaurant, Spa vue mer \u00e0 l&#039;\u00cele d&#039;Yeu\",\"description\":\"Une maison de bord de mer au c\u0153ur de l&#039;\u00cele d&#039;Yeu\",\"publisher\":{\"@id\":\"https:\\\/\\\/www.leshautesmers.fontenille-collection.com\\\/#organization\"},\"potentialAction\":[{\"@type\":\"SearchAction\",\"target\":{\"@type\":\"EntryPoint\",\"urlTemplate\":\"https:\\\/\\\/www.leshautesmers.fontenille-collection.com\\\/?s={search_term_string}\"},\"query-input\":{\"@type\":\"PropertyValueSpecification\",\"valueRequired\":true,\"valueName\":\"search_term_string\"}}],\"inLanguage\":\"es\"},{\"@type\":\"Organization\",\"@id\":\"https:\\\/\\\/www.leshautesmers.fontenille-collection.com\\\/#organization\",\"name\":\"Les Hautes Mers - H\u00f4tel, Restaurant, Spa vue mer \u00e0 l&#039;\u00cele d&#039;Yeu\",\"url\":\"https:\\\/\\\/www.leshautesmers.fontenille-collection.com\\\/\",\"logo\":{\"@type\":\"ImageObject\",\"inLanguage\":\"es\",\"@id\":\"https:\\\/\\\/www.leshautesmers.fontenille-collection.com\\\/#\\\/schema\\\/logo\\\/image\\\/\",\"url\":\"https:\\\/\\\/www.leshautesmers.fontenille-collection.com\\\/wp-content\\\/uploads\\\/2024\\\/11\\\/Les-Hautes-Mers-Logo-test-scaled.png\",\"contentUrl\":\"https:\\\/\\\/www.leshautesmers.fontenille-collection.com\\\/wp-content\\\/uploads\\\/2024\\\/11\\\/Les-Hautes-Mers-Logo-test-scaled.png\",\"width\":2560,\"height\":237,\"caption\":\"Les Hautes Mers - H\u00f4tel, Restaurant, Spa vue mer \u00e0 l&#039;\u00cele d&#039;Yeu\"},\"image\":{\"@id\":\"https:\\\/\\\/www.leshautesmers.fontenille-collection.com\\\/#\\\/schema\\\/logo\\\/image\\\/\"}}]}<\/script>\n<!-- \/ Yoast SEO plugin. -->","yoast_head_json":{"title":"Colecci\u00f3n Fontenille | En el coraz\u00f3n de Ile d'Yeu","description":"Descubra la Colecci\u00f3n Fontenille en la Isla de Yeu y su retiro atl\u00e1ntico, y explore despu\u00e9s nuestras encantadoras casas en Francia, Italia y Espa\u00f1a.","robots":{"index":"index","follow":"follow","max-snippet":"max-snippet:-1","max-image-preview":"max-image-preview:large","max-video-preview":"max-video-preview:-1"},"canonical":"https:\/\/www.leshautesmers.fontenille-collection.com\/es\/nuestra-coleccion\/","og_locale":"es_ES","og_type":"article","og_title":"Fontenille Collection | Au c\u0153ur de l\u2019\u00cele d\u2019Yeu","og_description":"D\u00e9couvrez Fontenille Collection \u00e0 l'\u00eele d'Yeu & son refuge sur l'Atlantique puis explorez nos maisons de charme en France, Italie & Espagne.","og_url":"https:\/\/www.leshautesmers.fontenille-collection.com\/es\/nuestra-coleccion\/","og_site_name":"Les Hautes Mers - H\u00f4tel, Restaurant, Spa vue mer \u00e0 l&#039;\u00cele d&#039;Yeu","article_modified_time":"2026-04-30T21:22:49+00:00","og_image":[{"width":1600,"height":1066,"url":"https:\/\/www.leshautesmers.fontenille-collection.com\/wp-content\/uploads\/2025\/09\/les-hautes-mers-hotel-ile-yeu-fontenille-collection-port-joinville-vue-mer.jpeg","type":"image\/jpeg"}],"twitter_card":"summary_large_image","twitter_misc":{"Tiempo de lectura":"5 minutos"},"schema":{"@context":"https:\/\/schema.org","@graph":[{"@type":"WebPage","@id":"https:\/\/www.leshautesmers.fontenille-collection.com\/notre-collection\/","url":"https:\/\/www.leshautesmers.fontenille-collection.com\/notre-collection\/","name":"Colecci\u00f3n Fontenille | En el coraz\u00f3n de Ile d'Yeu","isPartOf":{"@id":"https:\/\/www.leshautesmers.fontenille-collection.com\/#website"},"primaryImageOfPage":{"@id":"https:\/\/www.leshautesmers.fontenille-collection.com\/notre-collection\/#primaryimage"},"image":{"@id":"https:\/\/www.leshautesmers.fontenille-collection.com\/notre-collection\/#primaryimage"},"thumbnailUrl":"https:\/\/www.leshautesmers.fontenille-collection.com\/wp-content\/uploads\/2025\/09\/les-hautes-mers-hotel-ile-yeu-fontenille-collection-port-joinville-vue-mer.jpeg","datePublished":"2023-06-26T01:56:14+00:00","dateModified":"2026-04-30T21:22:49+00:00","description":"Descubra la Colecci\u00f3n Fontenille en la Isla de Yeu y su retiro atl\u00e1ntico, y explore despu\u00e9s nuestras encantadoras casas en Francia, Italia y Espa\u00f1a.","breadcrumb":{"@id":"https:\/\/www.leshautesmers.fontenille-collection.com\/notre-collection\/#breadcrumb"},"inLanguage":"es","potentialAction":[{"@type":"ReadAction","target":["https:\/\/www.leshautesmers.fontenille-collection.com\/notre-collection\/"]}]},{"@type":"ImageObject","inLanguage":"es","@id":"https:\/\/www.leshautesmers.fontenille-collection.com\/notre-collection\/#primaryimage","url":"https:\/\/www.leshautesmers.fontenille-collection.com\/wp-content\/uploads\/2025\/09\/les-hautes-mers-hotel-ile-yeu-fontenille-collection-port-joinville-vue-mer.jpeg","contentUrl":"https:\/\/www.leshautesmers.fontenille-collection.com\/wp-content\/uploads\/2025\/09\/les-hautes-mers-hotel-ile-yeu-fontenille-collection-port-joinville-vue-mer.jpeg","width":1600,"height":1066,"caption":"Vue de la piscine et de la mer depuis l'h\u00f4tel des Hautes Mers \u00e0 l'\u00eele d'Yeu"},{"@type":"BreadcrumbList","@id":"https:\/\/www.leshautesmers.fontenille-collection.com\/notre-collection\/#breadcrumb","itemListElement":[{"@type":"ListItem","position":1,"name":"Accueil","item":"https:\/\/www.leshautesmers.fontenille-collection.com\/"},{"@type":"ListItem","position":2,"name":"Notre Collection"}]},{"@type":"WebSite","@id":"https:\/\/www.leshautesmers.fontenille-collection.com\/#website","url":"https:\/\/www.leshautesmers.fontenille-collection.com\/","name":"Les Hautes Mers - Hotel, Restaurante, Spa con vistas al mar en la isla de Yeu","description":"Una casa junto al mar en el coraz\u00f3n de Ile d'Yeu","publisher":{"@id":"https:\/\/www.leshautesmers.fontenille-collection.com\/#organization"},"potentialAction":[{"@type":"SearchAction","target":{"@type":"EntryPoint","urlTemplate":"https:\/\/www.leshautesmers.fontenille-collection.com\/?s={search_term_string}"},"query-input":{"@type":"PropertyValueSpecification","valueRequired":true,"valueName":"search_term_string"}}],"inLanguage":"es"},{"@type":"Organization","@id":"https:\/\/www.leshautesmers.fontenille-collection.com\/#organization","name":"Les Hautes Mers - Hotel, Restaurante, Spa con vistas al mar en la isla de Yeu","url":"https:\/\/www.leshautesmers.fontenille-collection.com\/","logo":{"@type":"ImageObject","inLanguage":"es","@id":"https:\/\/www.leshautesmers.fontenille-collection.com\/#\/schema\/logo\/image\/","url":"https:\/\/www.leshautesmers.fontenille-collection.com\/wp-content\/uploads\/2024\/11\/Les-Hautes-Mers-Logo-test-scaled.png","contentUrl":"https:\/\/www.leshautesmers.fontenille-collection.com\/wp-content\/uploads\/2024\/11\/Les-Hautes-Mers-Logo-test-scaled.png","width":2560,"height":237,"caption":"Les Hautes Mers - H\u00f4tel, Restaurant, Spa vue mer \u00e0 l&#039;\u00cele d&#039;Yeu"},"image":{"@id":"https:\/\/www.leshautesmers.fontenille-collection.com\/#\/schema\/logo\/image\/"}}]}},"_links":{"self":[{"href":"https:\/\/www.leshautesmers.fontenille-collection.com\/es\/wp-json\/wp\/v2\/pages\/2213","targetHints":{"allow":["GET"]}}],"collection":[{"href":"https:\/\/www.leshautesmers.fontenille-collection.com\/es\/wp-json\/wp\/v2\/pages"}],"about":[{"href":"https:\/\/www.leshautesmers.fontenille-collection.com\/es\/wp-json\/wp\/v2\/types\/page"}],"author":[{"embeddable":true,"href":"https:\/\/www.leshautesmers.fontenille-collection.com\/es\/wp-json\/wp\/v2\/users\/1"}],"replies":[{"embeddable":true,"href":"https:\/\/www.leshautesmers.fontenille-collection.com\/es\/wp-json\/wp\/v2\/comments?post=2213"}],"version-history":[{"count":184,"href":"https:\/\/www.leshautesmers.fontenille-collection.com\/es\/wp-json\/wp\/v2\/pages\/2213\/revisions"}],"predecessor-version":[{"id":29945,"href":"https:\/\/www.leshautesmers.fontenille-collection.com\/es\/wp-json\/wp\/v2\/pages\/2213\/revisions\/29945"}],"wp:featuredmedia":[{"embeddable":true,"href":"https:\/\/www.leshautesmers.fontenille-collection.com\/es\/wp-json\/wp\/v2\/media\/28448"}],"wp:attachment":[{"href":"https:\/\/www.leshautesmers.fontenille-collection.com\/es\/wp-json\/wp\/v2\/media?parent=2213"}],"curies":[{"name":"wp","href":"https:\/\/api.w.org\/{rel}","templated":true}]}}